{"id":7344,"date":"2018-01-09T19:49:11","date_gmt":"2018-01-09T18:49:11","guid":{"rendered":"https:\/\/www.skydive-ameland.nl\/?page_id=7344"},"modified":"2019-01-25T17:11:53","modified_gmt":"2019-01-25T16:11:53","slug":"haeufig-gestellte-fragen","status":"publish","type":"page","link":"https:\/\/www.skydive-ameland.nl\/de\/haeufig-gestellte-fragen\/","title":{"rendered":"H\u00e4ufig gestellte Fragen"},"content":{"rendered":"  <div id=\"page-header-1682913044\" class=\"page-header-wrapper\">\n  <div class=\"page-title dark featured-title has-parallax\">\n\n        <div class=\"page-title-bg\">\n      <div class=\"title-bg fill bg-fill\"\n        data-parallax-container=\".page-title\"\n        data-parallax-background\n        data-parallax=\"-5\">\n      <\/div>\n      <div class=\"title-overlay fill\"><\/div>\n    <\/div>\n    \n    <div class=\"page-title-inner container align-center flex-row medium-flex-wrap\" data-parallax-fade=\"true\" data-parallax=\"-5\">\n              <div class=\"title-wrapper uppercase flex-col text-left medium-text-center\">\n          <h1 class=\"entry-title mb-0\">\n            H\u00e4ufig gestellte Fragen          <\/h1>\n        <\/div>\n                    <div class=\"title-content flex-col flex-right text-right medium-text-center\">\n        <div class=\"title-breadcrumbs pb-half pt-half\"><\/div>      <\/div>\n    <\/div>\n\n     \n<style>\n#page-header-1682913044 .page-title-inner {\n  min-height: 320px;\n}\n#page-header-1682913044 .title-bg {\n  background-image: url(https:\/\/www.skydive-ameland.nl\/wp-content\/uploads\/skydive-zeeland-duosprong-landing.jpg);\n  background-position: 51% 84%;\n}\n<\/style>\n  <\/div>\n    <\/div>\n  \n<div class=\"is-divider divider clearfix\" style=\"margin-top:0em;margin-bottom:0em;max-width:100%;height:12px;background-color:rgb(210, 31, 39);\"><\/div>\n\n\t<section class=\"section\" id=\"section_1021202320\">\n\t\t<div class=\"section-bg fill\" >\n\t\t\t\t\t\t\t\t\t\n\t\t\t\n\t<div class=\"is-border\"\n\t\tstyle=\"border-width:0px 0px 0px 0px;margin:0px 0px 0px 0px;\">\n\t<\/div>\n\n\t\t<\/div>\n\n\t\t\n\n\t\t<div class=\"section-content relative\">\n\t\t\t\n<div class=\"row\"  id=\"row-1608610745\">\n\n\t<div id=\"col-2037463659\" class=\"col medium-9 small-12 large-9\"  >\n\t\t\t\t<div class=\"col-inner\"  >\n\t\t\t\n\t\t\t\n<div class=\"container section-title-container\" style=\"margin-bottom:0px;\"><h3 class=\"section-title section-title-center\"><b><\/b><span class=\"section-title-main\" style=\"color:rgb(187, 26, 26);\">Fragen und Antworten<\/span><b><\/b><\/h3><\/div>\n<h1 class=\"uppercase thin-font\"><span style=\"font-size: 60%;\">Fast jeder hat Fragen<\/span><\/h1>\n<p>Und das ist auch v\u00f6llig normal. Denn immerhin springst du, festgezurrt an einem Fremden, den du gerade eben erst kennengelernt hast, aus einem Flugzeug \u2026. das ist schon was besonderes.<\/p>\n<p>Die meisten Menschen haben so ungef\u00e4hr die selben Fragen zum Thema Fallschirmspringen. Genau diese h\u00e4ufig gestellten Fragen haben wir hier aufgeschrieben und beantwortet.<\/p>\n<p>Sollte deine Frage hier nicht dazwischen stehen, kannst du uns auch gerne anrufen. Werktags sind wir w\u00e4hrend der B\u00fcrozeiten telefonisch erreichbar unter: +31 (0) 519 554880. Du kannst auch unser <a href=\"http:\/\/www.skydive-ameland.nl\/route-contact\/\">Kontactformular\u00a0<\/a>nutzen und uns eine Nachricht senden.<\/p>\n\t\t<\/div>\n\t\t\t\t\n<style>\n#col-2037463659 > .col-inner {\n  margin: 0px 0px -35px 0px;\n}\n<\/style>\n\t<\/div>\n\n\t\n\n\t<div id=\"col-1054690197\" class=\"col medium-3 small-12 large-3\"  >\n\t\t\t\t<div class=\"col-inner\"  >\n\t\t\t\n\t\t\t\n\t<div id=\"gap-2145150169\" class=\"gap-element clearfix\" style=\"display:block; height:auto;\">\n\t\t\n<style>\n#gap-2145150169 {\n  padding-top: 30px;\n}\n<\/style>\n\t<\/div>\n\t\n<a href=\"https:\/\/bookings.burblesoft.eu\/index\/6124\/18\" target=\"_blank\" class=\"button alert is-small box-shadow-1-hover expand\" rel=\"noopener\"  style=\"border-radius:99px;\">\n\t\t<span>Tandemsprung buchen<\/span>\n\t<\/a>\n\r\n\r\n<a href=\"https:\/\/www.skydive-ameland.nl\/de\/gutschein-kaufen\/\" class=\"button alert is-small box-shadow-1-hover expand\"  style=\"border-radius:99px;\">\n\t\t<span>Geschenkgutschein kaufen<\/span>\n\t<\/a>\n\r\n\r\n<div class=\"social-icons follow-icons full-width text-center\" ><a href=\"http:\/\/www.facebook.com\/SkydiveAmeland\" target=\"_blank\" data-label=\"Facebook\" class=\"icon primary button circle facebook tooltip\" title=\"Auf Facebook folgen\" aria-label=\"Auf Facebook folgen\" rel=\"noopener nofollow\" ><i class=\"icon-facebook\" ><\/i><\/a><\/div>\n\t\t<\/div>\n\t\t\t\t\t<\/div>\n\n\t\n<\/div>\n\t\t<\/div>\n\n\t\t\n<style>\n#section_1021202320 {\n  padding-top: 30px;\n  padding-bottom: 30px;\n  margin-bottom: 0px;\n}\n<\/style>\n\t<\/section>\n\t\n<div class=\"row\"  id=\"row-602388373\">\n\n\t<div id=\"col-255736529\" class=\"col medium-6 small-12 large-6\"  >\n\t\t\t\t<div class=\"col-inner\"  >\n\t\t\t\n\t\t\t\n<div class=\"row\"  id=\"row-211039960\">\n\n\t<div id=\"col-838728719\" class=\"col small-12 large-12\"  >\n\t\t\t\t<div class=\"col-inner\"  >\n\t\t\t\n\t\t\t\n<div class=\"container section-title-container\" ><h3 class=\"section-title section-title-normal\"><b><\/b><span class=\"section-title-main\" >Allgemein<\/span><b><\/b><\/h3><\/div>\r\n\r\n<div class=\"row\"  id=\"row-762428720\">\r\n\r\n\n\t<div id=\"col-1862394886\" class=\"col small-12 large-12\"  >\n\t\t\t\t<div class=\"col-inner\"  >\n\t\t\t\n\t\t\t\r\n\r\n<div class=\"accordion\">\r\n\r\n\t<div id=\"accordion-4168177398\" class=\"accordion-item\">\n\t\t<a id=\"accordion-4168177398-label\" class=\"accordion-title plain\" href=\"#accordion-item-wisst-ihr-wie-das-wetter-wird-an-meinem-sprungtag?\" aria-expanded=\"false\" aria-controls=\"accordion-4168177398-content\" >\n\t\t\t<button class=\"toggle\" aria-label=\"Umschalten\"><i class=\"icon-angle-down\"><\/i><\/button>\n\t\t\t<span>Wisst ihr wie das Wetter wird an meinem Sprungtag?<\/span>\n\t\t<\/a>\n\t\t<div id=\"accordion-4168177398-content\" class=\"accordion-inner\" aria-labelledby=\"accordion-4168177398-label\" >\n\t\t\t\r\n\r\nWir w\u00fcrden es gerne mit Sicherheit vorhersagen k\u00f6nnen, aber leider gelingt uns das nicht.\r\n\r\nNat\u00fcrlich tun wir unser Bestes und nutzen wir alle Quellen die uns zur Verf\u00fcgung stehen, um eine so exakt wie m\u00f6gliche Einsch\u00e4tzung zu machen wie sich das Wetter entwickelt. Durch seine Lage zwischen Watten- und Nordsee hat Ameland sein ganz eigenes Wetter, welches sich durch den Einfluss der See schnell \u00e4ndern kann..\r\n\r\nDeshalb bitten wir unsere G\u00e4ste, bevor sie sich auf den, manchmal auch l\u00e4ngeren, Weg zu uns machen, kurz anzurufen und zu erkundigen wie das Wetter ist und ob wir erwarten springen zu k\u00f6nnen.\r\n\r\n\t\t<\/div>\n\t<\/div>\n\t\r\n\t<div id=\"accordion-1854532241\" class=\"accordion-item\">\n\t\t<a id=\"accordion-1854532241-label\" class=\"accordion-title plain\" href=\"#accordion-item-wann-kann-man-nicht-springen?\" aria-expanded=\"false\" aria-controls=\"accordion-1854532241-content\" >\n\t\t\t<button class=\"toggle\" aria-label=\"Umschalten\"><i class=\"icon-angle-down\"><\/i><\/button>\n\t\t\t<span>Wann kann man nicht springen?<\/span>\n\t\t<\/a>\n\t\t<div id=\"accordion-1854532241-content\" class=\"accordion-inner\" aria-labelledby=\"accordion-1854532241-label\" >\n\t\t\t\r\n\r\nTiefh\u00e4ngende Bew\u00f6lkung, starker Wind und Regen oder eine Kombination verhindern, dass wir starten k\u00f6nnen. Fallschirmspringe sind dann leider nicht m\u00f6glich.\r\n\r\nNimm am Sprungtag telefonisch Kontakt zu uns auf und erkundige dich bei uns nach dem Wetter an diesem Tag.\r\n\r\n\t\t<\/div>\n\t<\/div>\n\t\r\n\t<div id=\"accordion-911509364\" class=\"accordion-item\">\n\t\t<a id=\"accordion-911509364-label\" class=\"accordion-title plain\" href=\"#accordion-item-welches-ist-die-beste-jahreszeit-zum-fallschirmspringen?\" aria-expanded=\"false\" aria-controls=\"accordion-911509364-content\" >\n\t\t\t<button class=\"toggle\" aria-label=\"Umschalten\"><i class=\"icon-angle-down\"><\/i><\/button>\n\t\t\t<span>Welches ist die beste Jahreszeit zum Fallschirmspringen?<\/span>\n\t\t<\/a>\n\t\t<div id=\"accordion-911509364-content\" class=\"accordion-inner\" aria-labelledby=\"accordion-911509364-label\" >\n\t\t\t\r\n\r\nFallschirmspringen ist immer fantastisch und jede Jahreszeit hat ihre eigene Sch\u00f6nheit..\r\n\r\nDer eine findet es fantastisch mit 200 km\/h durch die Wolken zu fallen und ein anderer erfreut sich am Sonnenlicht, welches sich spiegelt auf dem Watt bei blauem Himmel.\r\n\r\nDie meisten G\u00e4ste bevorzugen eine angenehme Temperatur, die auf Ameland vorzugsweise vor allem im Sommer herrscht.\r\n\r\n\t\t<\/div>\n\t<\/div>\n\t\r\n\t<div id=\"accordion-1004653057\" class=\"accordion-item\">\n\t\t<a id=\"accordion-1004653057-label\" class=\"accordion-title plain\" href=\"#accordion-item-darf-ich-springen-wenn-ich-mehr-als-95-kg-wiege?\" aria-expanded=\"false\" aria-controls=\"accordion-1004653057-content\" >\n\t\t\t<button class=\"toggle\" aria-label=\"Umschalten\"><i class=\"icon-angle-down\"><\/i><\/button>\n\t\t\t<span>Darf ich springen wenn ich mehr als 95 kg wiege?<\/span>\n\t\t<\/a>\n\t\t<div id=\"accordion-1004653057-content\" class=\"accordion-inner\" aria-labelledby=\"accordion-1004653057-label\" >\n\t\t\t\r\n\r\nDas ist von einigen Faktoren abh\u00e4ngig:\r\n<ul>\r\n \t<li>Am Sprungtag muss gen\u00fcgen Wind stehen.<\/li>\r\n \t<li>Der Passagier muss unbedingt genug Muskelmasse in den Beinen besitzen um bei der Landung die Beine 10 Sekunden anheben zu k\u00f6nnen.<\/li>\r\n \t<li>Am Sprungtag muss ein Instrukteur anwesend sein, der fysisch in der Lage ist, das extra Gewicht zu tragen.\u00ad\u00ad\u00ad\u00ad\u00ad\u00ad\u00ad\u00ad\u00ad\u00ad\u00ad\u00ad\u00ad\u00ad\u00ad\u00ad\u00ad<\/li>\r\n<\/ul>\r\nWenn du zweifelst ob du mit deiner k\u00f6rperlichen Konstitution springen kannst, <a href=\"https:\/\/www.skydive-ameland.nl\/de\/kontakt\/\">nimm dann Kontakt zu uns auf<\/a> um die M\u00f6glichkeiten zusammen zu besprechen.\r\n\r\nAn dieser Stelle weisen wir darauf hin ,dass eine telefonische Beratung keine Garantie ist, dass der Sprung auch wirklich stattfinden kann.\r\n\r\n\t\t<\/div>\n\t<\/div>\n\t\r\n\t<div id=\"accordion-1030783252\" class=\"accordion-item\">\n\t\t<a id=\"accordion-1030783252-label\" class=\"accordion-title plain\" href=\"#accordion-item-kann-ich-meine-brille\/-kontaktlinsen-tragen-w\u00e4hrend-des-sprunges?\" aria-expanded=\"false\" aria-controls=\"accordion-1030783252-content\" >\n\t\t\t<button class=\"toggle\" aria-label=\"Umschalten\"><i class=\"icon-angle-down\"><\/i><\/button>\n\t\t\t<span>Kann ich meine Brille\/ Kontaktlinsen tragen w\u00e4hrend des Sprunges?<\/span>\n\t\t<\/a>\n\t\t<div id=\"accordion-1030783252-content\" class=\"accordion-inner\" aria-labelledby=\"accordion-1030783252-label\" >\n\t\t\t\r\n\r\nSpr\u00fcnge mit Brille oder Kontaktlinsen sind durchaus m\u00f6glich, aber das Risiko liegt beim Gast.\r\n\r\nWir teilen spezielle Sprungbrillen, Goggles genannt, an Brillen- oder Kontaktlinsentr\u00e4ger aus, die \u00fcber die Brille aufgesetzt wird. Die Chance besteht, dass diese Sprungbrille von der Nase geweht wird beim Sprung. Daran sind nun einmal die Kr\u00e4fte die wirken Schuld und wir k\u00f6nnen das nicht vorhersehen.\r\n\r\n\t\t<\/div>\n\t<\/div>\n\t\r\n\t<div id=\"accordion-299542500\" class=\"accordion-item\">\n\t\t<a id=\"accordion-299542500-label\" class=\"accordion-title plain\" href=\"#accordion-item-aber-ich-habe-h\u00f6henangst...?!\" aria-expanded=\"false\" aria-controls=\"accordion-299542500-content\" >\n\t\t\t<button class=\"toggle\" aria-label=\"Umschalten\"><i class=\"icon-angle-down\"><\/i><\/button>\n\t\t\t<span>Aber ich habe H\u00f6henangst...?!<\/span>\n\t\t<\/a>\n\t\t<div id=\"accordion-299542500-content\" class=\"accordion-inner\" aria-labelledby=\"accordion-299542500-label\" >\n\t\t\t\r\n\r\nMan k\u00f6nnte glatt meinen, dies w\u00e4re ein Grund, nicht zu springen, Aber das ist ganz und gar nicht so. Da du keinen Kontakt zum Boden hast, empfindest du die H\u00f6he ganz anders und hat dein Gehirn keinen wirklichen Referenzrahmen zur H\u00f6he in der du dich befindest. Es ist nur spannend und neu und aufregend.\r\n\r\nSogar einer unsere Instrukeure leidet an H\u00f6henangst und springt trotzdem jeden Tag mit breitem Grinsen aus dem Flugzeug.\r\n\r\nHast du also H\u00f6henangst?? Kein Problem!\r\n\r\n\t\t<\/div>\n\t<\/div>\n\t\r\n\t<div id=\"accordion-3385598481\" class=\"accordion-item\">\n\t\t<a id=\"accordion-3385598481-label\" class=\"accordion-title plain\" href=\"#accordion-item-brauche-ich-ein-\u00e4rztliches-attest?\" aria-expanded=\"false\" aria-controls=\"accordion-3385598481-content\" >\n\t\t\t<button class=\"toggle\" aria-label=\"Umschalten\"><i class=\"icon-angle-down\"><\/i><\/button>\n\t\t\t<span>Brauche ich ein \u00e4rztliches Attest?<\/span>\n\t\t<\/a>\n\t\t<div id=\"accordion-3385598481-content\" class=\"accordion-inner\" aria-labelledby=\"accordion-3385598481-label\" >\n\t\t\t\r\n\r\nNein. F\u00fcr einen Tandemsprung brauchst du keine Tauglichkeitserkl\u00e4rung eines Arztes vorzulegen.\r\n\r\nM\u00f6chtest du einen Kurs oder eine Ausbildung machen, muss dir ein Arzt deine Fitness bescheinigen.\r\n\r\n\t\t<\/div>\n\t<\/div>\n\t\r\n\t<div id=\"accordion-4172346151\" class=\"accordion-item\">\n\t\t<a id=\"accordion-4172346151-label\" class=\"accordion-title plain\" href=\"#accordion-item-ist-fallschirmspringen-gef\u00e4hrlich?\" aria-expanded=\"false\" aria-controls=\"accordion-4172346151-content\" >\n\t\t\t<button class=\"toggle\" aria-label=\"Umschalten\"><i class=\"icon-angle-down\"><\/i><\/button>\n\t\t\t<span>Ist Fallschirmspringen gef\u00e4hrlich?<\/span>\n\t\t<\/a>\n\t\t<div id=\"accordion-4172346151-content\" class=\"accordion-inner\" aria-labelledby=\"accordion-4172346151-label\" >\n\t\t\t\r\n\r\nNicht gef\u00e4hrlicher als die Fahrt zum Flughafen.\r\n\r\n\u00dcber M\u00f6gliche Gefahren und Risikos wirst du vorab informiert, z.B. welche Kleidung und Schuhe du tragen sollst.\r\n\r\n\t\t<\/div>\n\t<\/div>\n\t\r\n\t<div id=\"accordion-1558328701\" class=\"accordion-item\">\n\t\t<a id=\"accordion-1558328701-label\" class=\"accordion-title plain\" href=\"#accordion-item-ist-skydive-ameland-angeschlossen-bei-einer-nationalen-organisation?\" aria-expanded=\"false\" aria-controls=\"accordion-1558328701-content\" >\n\t\t\t<button class=\"toggle\" aria-label=\"Umschalten\"><i class=\"icon-angle-down\"><\/i><\/button>\n\t\t\t<span>Ist Skydive Ameland angeschlossen bei einer nationalen Organisation?<\/span>\n\t\t<\/a>\n\t\t<div id=\"accordion-1558328701-content\" class=\"accordion-inner\" aria-labelledby=\"accordion-1558328701-label\" >\n\t\t\t\r\n\r\nJa. Skydive Ameland is angeschlossen bei <a href=\"http:\/\/www.knvvl.nl\/afdelingen\/parachutespringen\/\" target=\"_blank\" rel=\"noopener\">Koninklijke Nederlandse Vereniging voor Luchtvaart (KNVvL)<\/a>.\r\n\r\nAlle unsere Lehrer sind im Besitz der geforderten Diplome und Befugnisse von KNVvL.\r\n\r\n\t<div id=\"accordion-3442506443\" class=\"accordion-item\">\n\t\t<a id=\"accordion-3442506443-label\" class=\"accordion-title plain\" href=\"#accordion-item-darf-mein-hund-mit?\" aria-expanded=\"false\" aria-controls=\"accordion-3442506443-content\" >\n\t\t\t<button class=\"toggle\" aria-label=\"Umschalten\"><i class=\"icon-angle-down\"><\/i><\/button>\n\t\t\t<span>Darf mein Hund mit?<\/span>\n\t\t<\/a>\n\t\t<div id=\"accordion-3442506443-content\" class=\"accordion-inner\" aria-labelledby=\"accordion-3442506443-label\" >\n\t\t\t\t\t<\/div>\n\t<\/div>\n\t\r\n\r\nDein Vierpfoter ist bei uns herzlich willkommen. Sein Herrchen oder Frauchen beachtet bitte unser Hausregeln:\r\n<ul>\r\n \t<li>Der Hund ist immer an der Leine zu f\u00fchren.<\/li>\r\n \t<li>Du, oder eine andere Person, bist immer in der N\u00e4he deines Hundes und passt auf ihn auf.<\/li>\r\n \t<li>'Grosse Gesch\u00e4fte' werden selbstverst\u00e4ndlich von dir aufger\u00e4umt.<\/li>\r\n<\/ul>\r\nDankesch\u00f6n.\r\n\r\n\t\t<\/div>\n\t<\/div>\n\t\r\n\r\n<\/div>\r\n\r\n\t\t<\/div>\n\t\t\t\t\t<\/div>\n\n\t\r\n\r\n<\/div>\n\t\t<\/div>\n\t\t\t\t\t<\/div>\n\n\t\n\n\t<div id=\"col-1970616756\" class=\"col small-12 large-12\"  >\n\t\t\t\t<div class=\"col-inner\"  >\n\t\t\t\n\t\t\t\n<div class=\"container section-title-container\" ><h3 class=\"section-title section-title-normal\"><b><\/b><span class=\"section-title-main\" >Reservieren \/ buchen<\/span><b><\/b><\/h3><\/div>\n\n<div class=\"row\"  id=\"row-2089999156\">\n\n\n\t<div id=\"col-490356020\" class=\"col small-12 large-12\"  >\n\t\t\t\t<div class=\"col-inner\"  >\n\t\t\t\n\t\t\t\n\n<div class=\"accordion\">\n\n\t<div id=\"accordion-3424628252\" class=\"accordion-item\">\n\t\t<a id=\"accordion-3424628252-label\" class=\"accordion-title plain\" href=\"#accordion-item-wie-reserviere-ich-einen-tandemsprung?\" aria-expanded=\"false\" aria-controls=\"accordion-3424628252-content\" >\n\t\t\t<button class=\"toggle\" aria-label=\"Umschalten\"><i class=\"icon-angle-down\"><\/i><\/button>\n\t\t\t<span>Wie reserviere ich einen Tandemsprung?<\/span>\n\t\t<\/a>\n\t\t<div id=\"accordion-3424628252-content\" class=\"accordion-inner\" aria-labelledby=\"accordion-3424628252-label\" >\n\t\t\t\n\n<p>\u00dcber unsere Webseite kannst du deinen Tandemsprung buchen und dein Wunschdatum w\u00e4hlen. Bist du auf Ameland, kannst du vor Ort reservieren. Mit etwas Gl\u00fcck, kannst du dann an diesem Tag springen wenn es nicht zu viele reservierte Spr\u00fcnge gibt und das Wetter mitspielt.<\/p>\n\n\t\t<\/div>\n\t<\/div>\n\t\n\t<div id=\"accordion-73404778\" class=\"accordion-item\">\n\t\t<a id=\"accordion-73404778-label\" class=\"accordion-title plain\" href=\"#accordion-item-wie-reserviere-ich-einen-static-line-kurs?\" aria-expanded=\"false\" aria-controls=\"accordion-73404778-content\" >\n\t\t\t<button class=\"toggle\" aria-label=\"Umschalten\"><i class=\"icon-angle-down\"><\/i><\/button>\n\t\t\t<span>Wie reserviere ich einen Static Line Kurs?<\/span>\n\t\t<\/a>\n\t\t<div id=\"accordion-73404778-content\" class=\"accordion-inner\" aria-labelledby=\"accordion-73404778-label\" >\n\t\t\t\n\n<p>\u00dcber unsere Webseite kannst du den Static Line Kurs reservieren. Am ersten Kurstag ben\u00f6tigst du das \u00e4rztliche Attest und ein Passfoto.<\/p>\n\n\t\t<\/div>\n\t<\/div>\n\t\n\t<div id=\"accordion-1158612760\" class=\"accordion-item\">\n\t\t<a id=\"accordion-1158612760-label\" class=\"accordion-title plain\" href=\"#accordion-item-kann-ich-f\u00fcr-jemand-anders-reservieren?\" aria-expanded=\"false\" aria-controls=\"accordion-1158612760-content\" >\n\t\t\t<button class=\"toggle\" aria-label=\"Umschalten\"><i class=\"icon-angle-down\"><\/i><\/button>\n\t\t\t<span>Kann ich f\u00fcr jemand anders reservieren?<\/span>\n\t\t<\/a>\n\t\t<div id=\"accordion-1158612760-content\" class=\"accordion-inner\" aria-labelledby=\"accordion-1158612760-label\" >\n\t\t\t\n\n<p>Ja das geht. Allerdings muss die Risikoerkl\u00e4rung von der Person ausgef\u00fcllt und unterschrieben werden, die springen wird. Sollte es sich um eine \u00dcberraschung f\u00fcr jemanden handeln, kann dies auch an unserer Rezeption nachgeholt werden.<\/p>\n\n\t\t<\/div>\n\t<\/div>\n\t\n\t<div id=\"accordion-1827070497\" class=\"accordion-item\">\n\t\t<a id=\"accordion-1827070497-label\" class=\"accordion-title plain\" href=\"#accordion-item-wie-erhalte-ich-meine-zahlungsbest\u00e4tigung?\" aria-expanded=\"false\" aria-controls=\"accordion-1827070497-content\" >\n\t\t\t<button class=\"toggle\" aria-label=\"Umschalten\"><i class=\"icon-angle-down\"><\/i><\/button>\n\t\t\t<span>Wie erhalte ich meine Zahlungsbest\u00e4tigung?<\/span>\n\t\t<\/a>\n\t\t<div id=\"accordion-1827070497-content\" class=\"accordion-inner\" aria-labelledby=\"accordion-1827070497-label\" >\n\t\t\t\n\n<p>Du erh\u00e4lst die Quittung per E-Mail nach der Reservierung.<\/p>\n\n\t\t<\/div>\n\t<\/div>\n\t\n\t<div id=\"accordion-588485030\" class=\"accordion-item\">\n\t\t<a id=\"accordion-588485030-label\" class=\"accordion-title plain\" href=\"#accordion-item-brauche-ich-eine-versicherung-wenn-ich-einen-tandemsprong-machen-m\u00f6chte?\" aria-expanded=\"false\" aria-controls=\"accordion-588485030-content\" >\n\t\t\t<button class=\"toggle\" aria-label=\"Umschalten\"><i class=\"icon-angle-down\"><\/i><\/button>\n\t\t\t<span>Brauche ich eine Versicherung wenn ich einen Tandemsprong machen m\u00f6chte?<\/span>\n\t\t<\/a>\n\t\t<div id=\"accordion-588485030-content\" class=\"accordion-inner\" aria-labelledby=\"accordion-588485030-label\" >\n\t\t\t\n\n<p>Normalerweise bist du \u00fcber deine Krankenversicherung abgesichert.<\/p>\n\n\t\t<\/div>\n\t<\/div>\n\t\n\t<div id=\"accordion-3803742812\" class=\"accordion-item\">\n\t\t<a id=\"accordion-3803742812-label\" class=\"accordion-title plain\" href=\"#accordion-item-wie-kann-ich-meine-reservierung-verschieben?\" aria-expanded=\"false\" aria-controls=\"accordion-3803742812-content\" >\n\t\t\t<button class=\"toggle\" aria-label=\"Umschalten\"><i class=\"icon-angle-down\"><\/i><\/button>\n\t\t\t<span>Wie kann ich meine Reservierung verschieben?<\/span>\n\t\t<\/a>\n\t\t<div id=\"accordion-3803742812-content\" class=\"accordion-inner\" aria-labelledby=\"accordion-3803742812-label\" >\n\t\t\t\n\n<p>Das geht auf zwei Arten:<\/p>\n<ol>\n<li>\u00dcber den Link in der Best\u00e4tigungsemail die du erhalten hast\u00a0 bei deiner Buchung.<\/li>\n<li>Telefonisch; dann passen wir das Datum f\u00fcr dich in unserem System an.<\/li>\n<\/ol>\n\n\t\t<\/div>\n\t<\/div>\n\t\n\t<div id=\"accordion-1795438239\" class=\"accordion-item\">\n\t\t<a id=\"accordion-1795438239-label\" class=\"accordion-title plain\" href=\"#accordion-item-wie-oft-kann-ich-meine-reservierung-verschieben?\" aria-expanded=\"false\" aria-controls=\"accordion-1795438239-content\" >\n\t\t\t<button class=\"toggle\" aria-label=\"Umschalten\"><i class=\"icon-angle-down\"><\/i><\/button>\n\t\t\t<span>Wie oft kann ich meine Reservierung verschieben?<\/span>\n\t\t<\/a>\n\t\t<div id=\"accordion-1795438239-content\" class=\"accordion-inner\" aria-labelledby=\"accordion-1795438239-label\" >\n\t\t\t\n\n<p>Die Reservierung verliert ihre G\u00fcltigkeit 2 Jahre nach den Ankaufdatum. In dieser Periode kannst du die Reservierung beliebig oft verschieben.<\/p>\n<p>Informiere uns aber bitte ein paar Tage vor dem geplanten Sprung dar\u00fcber. So haben wir die M\u00f6glichkeit, deinen Platz anderweitig zu vergeben.<\/p>\n\n\t\t<\/div>\n\t<\/div>\n\t\n\t<div id=\"accordion-1852419595\" class=\"accordion-item\">\n\t\t<a id=\"accordion-1852419595-label\" class=\"accordion-title plain\" href=\"#accordion-item-ich-m\u00f6chte-doch-nicht-mehr-springen;-was-nun?\" aria-expanded=\"false\" aria-controls=\"accordion-1852419595-content\" >\n\t\t\t<button class=\"toggle\" aria-label=\"Umschalten\"><i class=\"icon-angle-down\"><\/i><\/button>\n\t\t\t<span>Ich m\u00f6chte doch nicht mehr springen; was nun?<\/span>\n\t\t<\/a>\n\t\t<div id=\"accordion-1852419595-content\" class=\"accordion-inner\" aria-labelledby=\"accordion-1852419595-label\" >\n\t\t\t\n\n<p>Das finden wir nat\u00fcrlich schade, aber manchmal sind es eben die Umst\u00e4nde, die deinem Sprung verhindern.<\/p>\n<p>Geht es um den Standort, dann k\u00f6nnen wir deinen Sprung umbuchen auf eines unserer andern Paracentra auf Texel oder in Zeeland.<\/p>\n<p>Auch k\u00f6nnen wir dir anbieten, deinen Sprung umzutauschen gegen einen Rundflug mit dem selber Wert \u00fcber Texel.<\/p>\n<p>Die letzte M\u00f6glichkeit w\u00e4re die, den Sprung von jemand anderen ausf\u00fchren zu lassen. Die Tandemspr\u00fcnge werden n\u00e4mlich auf Namen gebucht, sind aber nicht daran gebunden. Du kannst also jemand anderen unter deiner Buchungsnummer springen lassen und deinen Sprung zum Beispiel an einen Freund oder Familienmitglied verschenken. Es steht dir auch jederzeit frei, deinen reservierten Sprung zu verkaufen. Du kannst hierf\u00fcr Onlineplattformen wie z.B. Ebay nutzen.<\/p>\n<p>Das einzige was wir in diesem Fall von dir fragen, ist, uns dar\u00fcber zu informieren, dass du den Sprung nicht durchf\u00fchren wirst und wen wir an deiner Stelle willkommen hei\u00dfen d\u00fcrfen. Das vorkommt Missverst\u00e4ndnisse und Wartezeiten.<\/p>\n\n\t\t<\/div>\n\t<\/div>\n\t\n\t<div id=\"accordion-814586779\" class=\"accordion-item\">\n\t\t<a id=\"accordion-814586779-label\" class=\"accordion-title plain\" href=\"#accordion-item-was-ist-eine-risikoerkl\u00e4rung-\/-waiver?\" aria-expanded=\"false\" aria-controls=\"accordion-814586779-content\" >\n\t\t\t<button class=\"toggle\" aria-label=\"Umschalten\"><i class=\"icon-angle-down\"><\/i><\/button>\n\t\t\t<span>Was ist eine Risikoerkl\u00e4rung \/ Waiver?<\/span>\n\t\t<\/a>\n\t\t<div id=\"accordion-814586779-content\" class=\"accordion-inner\" aria-labelledby=\"accordion-814586779-label\" >\n\t\t\t\n\n<p>Die Risikoerkl\u00e4rung, auch Waiver genannt, ist eine kurze und b\u00fcndige juristische \u00dcbereinkunft, in der du, der Springer, erkl\u00e4rt, dass er sich \u00fcber alle m\u00f6glichen Risikos im Klaren ist, diese versteht und zustimmt. Ohne unterschriebenen Waiver k\u00f6nnen wir dich nicht einsteigen und springen lassen.<\/p>\n\n\t\t<\/div>\n\t<\/div>\n\t\n\t<div id=\"accordion-29460757\" class=\"accordion-item\">\n\t\t<a id=\"accordion-29460757-label\" class=\"accordion-title plain\" href=\"#accordion-item-wann-wei\u00df-ich,-ob-ich-springen-kann?\" aria-expanded=\"false\" aria-controls=\"accordion-29460757-content\" >\n\t\t\t<button class=\"toggle\" aria-label=\"Umschalten\"><i class=\"icon-angle-down\"><\/i><\/button>\n\t\t\t<span>Wann wei\u00df ich, ob ich springen kann?<\/span>\n\t\t<\/a>\n\t\t<div id=\"accordion-29460757-content\" class=\"accordion-inner\" aria-labelledby=\"accordion-29460757-label\" >\n\t\t\t\n\n<p>Nimm telefonisch Kontakt zu uns auf, bevor du dich auf den Weg zu uns machst. Wir k\u00f6nnen dir dann sagen, wie die Vorhersagen f\u00fcr das Wetter sind und ob wir springen k\u00f6nnen oder nicht.<\/p>\n\n\t\t<\/div>\n\t<\/div>\n\t\n\t<div id=\"accordion-2766836368\" class=\"accordion-item\">\n\t\t<a id=\"accordion-2766836368-label\" class=\"accordion-title plain\" href=\"#accordion-item-warum-soll-ich-anrufen,-bevor-ich-mich-auf-den-weg-zu-euch-machen?\" aria-expanded=\"false\" aria-controls=\"accordion-2766836368-content\" >\n\t\t\t<button class=\"toggle\" aria-label=\"Umschalten\"><i class=\"icon-angle-down\"><\/i><\/button>\n\t\t\t<span>Warum soll ich anrufen, bevor ich mich auf den Weg zu euch machen?<\/span>\n\t\t<\/a>\n\t\t<div id=\"accordion-2766836368-content\" class=\"accordion-inner\" aria-labelledby=\"accordion-2766836368-label\" >\n\t\t\t\n\n<p>Daf\u00fcr gibt es zwei Gr\u00fcnde, wir wissen dann sicher, das du:<\/p>\n<ul>\n<li>deinen Sprung nicht vergessen hast und unterwegs zu uns bist..<\/li>\n<li>wei\u00dft, wie das Wetter an diesem Tag vorhergesagt bist und das es eventuell zu Verz\u00f6gerungen kommen kann.<\/li>\n<\/ul>\n\n\t\t<\/div>\n\t<\/div>\n\t\n\t<div id=\"accordion-809533714\" class=\"accordion-item\">\n\t\t<a id=\"accordion-809533714-label\" class=\"accordion-title plain\" href=\"#accordion-item-warum-werden-reservierte-spr\u00fcnge-nicht-r\u00fcckerstattet?\" aria-expanded=\"false\" aria-controls=\"accordion-809533714-content\" >\n\t\t\t<button class=\"toggle\" aria-label=\"Umschalten\"><i class=\"icon-angle-down\"><\/i><\/button>\n\t\t\t<span>Warum werden reservierte Spr\u00fcnge nicht r\u00fcckerstattet?<\/span>\n\t\t<\/a>\n\t\t<div id=\"accordion-809533714-content\" class=\"accordion-inner\" aria-labelledby=\"accordion-809533714-label\" >\n\t\t\t\n\n<p>Fallschirmspringen ist wetterabh\u00e4ngig. Wir wissen erst am Sprungtag sicher, ob gesprungen werden kann oder nicht.<\/p>\n<p>Das bedeutet, dass wir trotzdem jeden Tag anwesend sein und die Vorbereitungen treffen m\u00fcssen. Das Flugzeug also, die Piloten, die Fallschirme, Lehrer und das Bodenpersonal sind also jeden auf dem Gel\u00e4nde. Ob gesprungen werden kann oder nicht wissen wir eben nie vorher ganz genau.<\/p>\n<p>Damit mir bestm\u00f6glich einsch\u00e4tzen k\u00f6nnen, wieviel Personal wir an einem bestimmten Tag einplanen m\u00fcssen, bieten wir unseren G\u00e4sten die M\u00f6glichkeit an, ihren Sprung vorher zu reservieren. So k\u00f6nnen wir unsere Kapazit\u00e4ten ideal ausnutzen und eventuell extra Personal einsetzen, damit jeder am reservierten Tag springen kann.<\/p>\n<p>Wie gesagt und leider haben wir das Wetter nicht in der Hand. Auch wir springen am liebsten den ganzen Tag. Um unseren G\u00e4sten soviel wie m\u00f6glich Sicherheit geben zu k\u00f6nnen, das ein Tandemsprung m\u00f6glich ist, fragen wir darum auch nach etwas Sicherheit im Gegenzug unsererseits in Form der Bezahlung eines gebuchten Sprunges.<\/p>\n<p>Kannst du wider Erwarten nicht springen zum reservierten Zeitpunkt, kannst du den Sprung innerhalb von zwei Jahren entweder nachholen bei uns oder einem unserer anderen Paracentra oder den Sprung verschenken oder verkaufen an eine andere Person. Deshalb erstatten wir den Kaufpreis nicht zur\u00fcck.<\/p>\n<p>Auch ohne Reservierung kannst du bei uns vorbeischauen. Wenn alle gebuchten Spr\u00fcnge erledigt sind und das Wetter es zul\u00e4sst, ist es m\u00f6glich auch ohne Reservierung an diesem Tag zu springen.<\/p>\n\n\t\t<\/div>\n\t<\/div>\n\t\n\n<\/div>\n\n\t\t<\/div>\n\t\t\t\t\t<\/div>\n\n\t\n\n<\/div>\n\t\t<\/div>\n\t\t\t\t\t<\/div>\n\n\t\n\n\n<\/div>\n\t\t<\/div>\n\t\t\t\t\t<\/div>\n\n\t\n\n\t<div id=\"col-236271620\" class=\"col medium-6 small-12 large-6\"  >\n\t\t\t\t<div class=\"col-inner\"  >\n\t\t\t\n\t\t\t\n<div class=\"row\"  id=\"row-1986361157\">\n\n\t<div id=\"col-1879481845\" class=\"col small-12 large-12\"  >\n\t\t\t\t<div class=\"col-inner\"  >\n\t\t\t\n\t\t\t\n<div class=\"container section-title-container\" ><h3 class=\"section-title section-title-normal\"><b><\/b><span class=\"section-title-main\" >Tandemsprung<\/span><b><\/b><\/h3><\/div>\n\n<div class=\"row\"  id=\"row-2032287568\">\n\n\n\t<div id=\"col-1076851178\" class=\"col small-12 large-12\"  >\n\t\t\t\t<div class=\"col-inner\"  >\n\t\t\t\n\t\t\t\n\n<div class=\"accordion\">\n\n\t<div id=\"accordion-750874976\" class=\"accordion-item\">\n\t\t<a id=\"accordion-750874976-label\" class=\"accordion-title plain\" href=\"#accordion-item-gibt-es-altersbeschr\u00e4nkungen-die-f\u00fcr-einen-tandemsprung-gelten?\" aria-expanded=\"false\" aria-controls=\"accordion-750874976-content\" >\n\t\t\t<button class=\"toggle\" aria-label=\"Umschalten\"><i class=\"icon-angle-down\"><\/i><\/button>\n\t\t\t<span>Gibt es Altersbeschr\u00e4nkungen die f\u00fcr einen Tandemsprung gelten?<\/span>\n\t\t<\/a>\n\t\t<div id=\"accordion-750874976-content\" class=\"accordion-inner\" aria-labelledby=\"accordion-750874976-label\" >\n\t\t\t\n\n<p>Es gibt keine feste Regeln, aber wir stellen ein paar Fragen, um zu entscheiden, ob es m\u00f6glich ist, einen Tandemsprung zu machen:<\/p>\n<p><strong>Maximales Alter<\/strong>:<\/p>\n<ul>\n<li>Ist der Passagier in der Lage, seine\/ ihre Beine bei der Landung hochzuhalten?<\/li>\n<li>Ist der Passagier gebrechlich\/ kann er\/ sie einen kleinen Sto\u00df vertragen?<\/li>\n<\/ul>\n<p><strong>Minimales Alter<\/strong>:<\/p>\n<ul>\n<li>Passt der Passagier in den Harnas?<\/li>\n<li>Wei\u00df der Passagier was ein Tandemsprung ist?<\/li>\n<li>Will der Passagier (das Kind) wirklich selber springen oder wollen die Eltern das gerne?<\/li>\n<li>Bei Minderj\u00e4hrigen muss unbedingt ein Elternteil oder Erziehungsberechtigter anwesend sein um die Risikoerkl\u00e4rung zu unterschreiben.<\/li>\n<\/ul>\n<a href=\"https:\/\/www.skydive-ameland.nl\/wp-content\/uploads\/toestemming-verklaring-NL-DU-ENG-v2-.pdf\" target=\"_blank\" class=\"button alert is-small\" rel=\"noopener\"  style=\"border-radius:99px;\">\n\t\t<span>toestemming formulier minderjarigen<\/span>\n\t<\/a>\n\n\n\n\t\t<\/div>\n\t<\/div>\n\t\n\t<div id=\"accordion-2581377576\" class=\"accordion-item\">\n\t\t<a id=\"accordion-2581377576-label\" class=\"accordion-title plain\" href=\"#accordion-item-kann-ich-ohne-vorausbildung-einen-tandemsprung-machen?\" aria-expanded=\"false\" aria-controls=\"accordion-2581377576-content\" >\n\t\t\t<button class=\"toggle\" aria-label=\"Umschalten\"><i class=\"icon-angle-down\"><\/i><\/button>\n\t\t\t<span>Kann ich ohne Vorausbildung einen Tandemsprung machen?<\/span>\n\t\t<\/a>\n\t\t<div id=\"accordion-2581377576-content\" class=\"accordion-inner\" aria-labelledby=\"accordion-2581377576-label\" >\n\t\t\t\n\n<p>Ja, das geht. Du brauchst nur eine kurze Bodenunterweisung zu absolvieren.<\/p>\n<p>M\u00f6chtest du Solo Fallschirmspringen? Daf\u00fcr musst du einen Kurs absolvieren. Informiere dich unter der Rubrik Static Line Kurs \u00fcber den Ablauf der Ausbildung und die Voraussetzungen.<\/p>\n\n\t\t<\/div>\n\t<\/div>\n\t\n\t<div id=\"accordion-725540621\" class=\"accordion-item\">\n\t\t<a id=\"accordion-725540621-label\" class=\"accordion-title plain\" href=\"#accordion-item-was-muss-ich-mitnehmen-am-sprungtag?\" aria-expanded=\"false\" aria-controls=\"accordion-725540621-content\" >\n\t\t\t<button class=\"toggle\" aria-label=\"Umschalten\"><i class=\"icon-angle-down\"><\/i><\/button>\n\t\t\t<span>Was muss ich mitnehmen am Sprungtag?<\/span>\n\t\t<\/a>\n\t\t<div id=\"accordion-725540621-content\" class=\"accordion-inner\" aria-labelledby=\"accordion-725540621-label\" >\n\t\t\t\n\n<p>Wenn du schon 18 Jahre alt bist, brauchst du eigentlich nur gute Laune, sch\u00f6nes Wetter und vielleicht ein paar Freunde oder Familienmitglieder mitzubringen, die dich anmutigen k\u00f6nnen und auf dich warten wenn du wieder gelandet bist.<\/p>\n<p>Bist noch nicht 18 Jahre alt, brauchst du sowieso einen Elternteil, der dich begleitet. Deine Eltern m\u00fcssen n\u00e4mlich f\u00fcr dich dei Risikoerkl\u00e4rung unterzeichnen.<\/p>\n<p>Wenn deine Eltern dir den Sprung erlauben, aber nicht anwesend sein k\u00f6nnen am Sprungtag, kannst du dir hier das Formular ausdrucken und unterschreiben lassen.<\/p>\n<a href=\"\/wp-content\/uploads\/Zustimmungsformular%20Eltern%20NL-v1.pdf\" target=\"_blank\" class=\"button alert is-small\" rel=\"noopener\"  style=\"border-radius:99px;\">\n\t\t<span>Zustimmungserkl\u00e4rung Formular f\u00fcr Minderj\u00e4hrige<\/span>\n\t<\/a>\n\n\n\n\t\t<\/div>\n\t<\/div>\n\t\n\t<div id=\"accordion-1243572958\" class=\"accordion-item\">\n\t\t<a id=\"accordion-1243572958-label\" class=\"accordion-title plain\" href=\"#accordion-item-was-ist-die-absprungh\u00f6he?\" aria-expanded=\"false\" aria-controls=\"accordion-1243572958-content\" >\n\t\t\t<button class=\"toggle\" aria-label=\"Umschalten\"><i class=\"icon-angle-down\"><\/i><\/button>\n\t\t\t<span>Was ist die Absprungh\u00f6he?<\/span>\n\t\t<\/a>\n\t\t<div id=\"accordion-1243572958-content\" class=\"accordion-inner\" aria-labelledby=\"accordion-1243572958-label\" >\n\t\t\t\n\n<p>Du verl\u00e4sst das Flugzeug in circa 3000 m H\u00f6he. Das ist ungef\u00e4hr gleich an 9 000 Fuss.<\/p>\n\n\t\t<\/div>\n\t<\/div>\n\t\n\t<div id=\"accordion-1440684273\" class=\"accordion-item\">\n\t\t<a id=\"accordion-1440684273-label\" class=\"accordion-title plain\" href=\"#accordion-item-wo-kann-ich-meine-pers\u00f6nlichen-sachen-verwahren-w\u00e4hrend-ich-in-der-luft-bin?\" aria-expanded=\"false\" aria-controls=\"accordion-1440684273-content\" >\n\t\t\t<button class=\"toggle\" aria-label=\"Umschalten\"><i class=\"icon-angle-down\"><\/i><\/button>\n\t\t\t<span>Wo kann ich meine pers\u00f6nlichen Sachen verwahren w\u00e4hrend ich in der Luft bin?<\/span>\n\t\t<\/a>\n\t\t<div id=\"accordion-1440684273-content\" class=\"accordion-inner\" aria-labelledby=\"accordion-1440684273-label\" >\n\t\t\t\n\n<p>Am praktischsten ist es, wenn du deine Sachen, Taschen etc, bei deiner Familie oder deinen Freunden l\u00e4\u00dft f\u00fcr die Dauer des Fluges. Ist das nicht m\u00f6glich haben wir einen Ort, deine Sachen kurzzeitig aufzubewahren.<\/p>\n\n\t\t<\/div>\n\t<\/div>\n\t\n\t<div id=\"accordion-287190993\" class=\"accordion-item\">\n\t\t<a id=\"accordion-287190993-label\" class=\"accordion-title plain\" href=\"#accordion-item-kann-ich-beim-freifall-eigentlich-noch-atmen?\" aria-expanded=\"false\" aria-controls=\"accordion-287190993-content\" >\n\t\t\t<button class=\"toggle\" aria-label=\"Umschalten\"><i class=\"icon-angle-down\"><\/i><\/button>\n\t\t\t<span>Kann ich beim Freifall eigentlich noch atmen?<\/span>\n\t\t<\/a>\n\t\t<div id=\"accordion-287190993-content\" class=\"accordion-inner\" aria-labelledby=\"accordion-287190993-label\" >\n\t\t\t\n\n<p>Im freien Fall kannst du ganz normal atmen. Manchmal erf\u00e4hrst du es etwas schwieriger, aber das ist wohl der Anspannung geschuldet.<\/p>\n\n\t\t<\/div>\n\t<\/div>\n\t\n\t<div id=\"accordion-1074013047\" class=\"accordion-item\">\n\t\t<a id=\"accordion-1074013047-label\" class=\"accordion-title plain\" href=\"#accordion-item-wie-ist-die-temperatur-auf-absprungh\u00f6he?\" aria-expanded=\"false\" aria-controls=\"accordion-1074013047-content\" >\n\t\t\t<button class=\"toggle\" aria-label=\"Umschalten\"><i class=\"icon-angle-down\"><\/i><\/button>\n\t\t\t<span>Wie ist die Temperatur auf Absprungh\u00f6he?<\/span>\n\t\t<\/a>\n\t\t<div id=\"accordion-1074013047-content\" class=\"accordion-inner\" aria-labelledby=\"accordion-1074013047-label\" >\n\t\t\t\n\n<p>wetterabh\u00e4ngig ist die Temperatur k\u00e4lter oder w\u00e4rmer in 3 km H\u00f6he. Den Temperaturunterschied wirst du aber wahrscheinlich aufgrund des Adrenalins gar nicht wirklich bemerken.<\/p>\n\n\t\t<\/div>\n\t<\/div>\n\t\n\t<div id=\"accordion-37801840\" class=\"accordion-item\">\n\t\t<a id=\"accordion-37801840-label\" class=\"accordion-title plain\" href=\"#accordion-item-welche-geschwindigkeit-erreicht-man-im-freifall?\" aria-expanded=\"false\" aria-controls=\"accordion-37801840-content\" >\n\t\t\t<button class=\"toggle\" aria-label=\"Umschalten\"><i class=\"icon-angle-down\"><\/i><\/button>\n\t\t\t<span>Welche Geschwindigkeit erreicht man im Freifall?<\/span>\n\t\t<\/a>\n\t\t<div id=\"accordion-37801840-content\" class=\"accordion-inner\" aria-labelledby=\"accordion-37801840-label\" >\n\t\t\t\n\n<p>Zwischen 180 und 200 km\/u. Ganz sch\u00f6n schnell also.<\/p>\n<p>Bist du Naturkunde interessiert willst du mehr wissen \u00fcber die Kr\u00e4fte die w\u00e4hrend des Fallschrimsprunges wirken? Schau dir dann gleich diesen <span style=\"text-decoration: underline;\"><a href=\"https:\/\/www.youtube.com\/watch?v=pr78Db9qqeI\" target=\"_blank\" rel=\"noopener noreferrer\">Youtube Clip an, worin alles erkl\u00e4rt wird.<\/a><\/span><\/p>\n\n\t\t<\/div>\n\t<\/div>\n\t\n\t<div id=\"accordion-4251272532\" class=\"accordion-item\">\n\t\t<a id=\"accordion-4251272532-label\" class=\"accordion-title plain\" href=\"#accordion-item-kann-ich-gleichzeitig-mit-familie\/-freunden-springen?\" aria-expanded=\"false\" aria-controls=\"accordion-4251272532-content\" >\n\t\t\t<button class=\"toggle\" aria-label=\"Umschalten\"><i class=\"icon-angle-down\"><\/i><\/button>\n\t\t\t<span>Kann ich gleichzeitig mit Familie\/ Freunden springen?<\/span>\n\t\t<\/a>\n\t\t<div id=\"accordion-4251272532-content\" class=\"accordion-inner\" aria-labelledby=\"accordion-4251272532-label\" >\n\t\t\t\n\n<p>Im Flugzeug ist Platz f\u00fcr 5 Personen, vier Passagiere und der Pilot. Du kannst zusammen mit Freunden oder Familie reservieren und ihr k\u00f6nnt zusammen im Flugzeug sitzen.<\/p>\n<p>Seid ihr mehr als 4 Personen, dann versuchen wir die einzelnen Fl\u00fcge so kurz wie m\u00f6glich nacheinander zu planen, so k\u00f6nnt ihr die Landung gegenseitig beobachten auf dem Flugzeuggel\u00e4nde.<\/p>\n\n\t\t<\/div>\n\t<\/div>\n\t\n\t<div id=\"accordion-1529567015\" class=\"accordion-item\">\n\t\t<a id=\"accordion-1529567015-label\" class=\"accordion-title plain\" href=\"#accordion-item-wie-lange-dauert-es-bis-wir-uns-auf-absprungh\u00f6he-befinden?\" aria-expanded=\"false\" aria-controls=\"accordion-1529567015-content\" >\n\t\t\t<button class=\"toggle\" aria-label=\"Umschalten\"><i class=\"icon-angle-down\"><\/i><\/button>\n\t\t\t<span>Wie lange dauert es bis wir uns auf Absprungh\u00f6he befinden?<\/span>\n\t\t<\/a>\n\t\t<div id=\"accordion-1529567015-content\" class=\"accordion-inner\" aria-labelledby=\"accordion-1529567015-label\" >\n\t\t\t\n\n<p>Das dauert ungef\u00e4hr 20 Minuten. Du hast alle Zeit um die tolle Aussicht \u00fcber Ameland, der Wattensee und Nordsee zu genie\u00dfen.<\/p>\n\n\t\t<\/div>\n\t<\/div>\n\t\n\t<div id=\"accordion-835830560\" class=\"accordion-item\">\n\t\t<a id=\"accordion-835830560-label\" class=\"accordion-title plain\" href=\"#accordion-item-und-wie-lange-dauert-der-freie-fall?\" aria-expanded=\"false\" aria-controls=\"accordion-835830560-content\" >\n\t\t\t<button class=\"toggle\" aria-label=\"Umschalten\"><i class=\"icon-angle-down\"><\/i><\/button>\n\t\t\t<span>Und wie lange dauert der freie Fall?<\/span>\n\t\t<\/a>\n\t\t<div id=\"accordion-835830560-content\" class=\"accordion-inner\" aria-labelledby=\"accordion-835830560-label\" >\n\t\t\t\n\n<p>Dein Gef\u00fchl wird dir sagen, dass es nur kurz dauert und im Nu vorbei ist, in Wirklichkeit aber dauert der freie Fall 30 Sekunden. Halte deinen Atem an und z\u00e4hle langsam bis 30 ...<\/p>\n\n\t\t<\/div>\n\t<\/div>\n\t\n\t<div id=\"accordion-3159306072\" class=\"accordion-item\">\n\t\t<a id=\"accordion-3159306072-label\" class=\"accordion-title plain\" href=\"#accordion-item-wie-lange-dauert-der-fallschirmflug?\" aria-expanded=\"false\" aria-controls=\"accordion-3159306072-content\" >\n\t\t\t<button class=\"toggle\" aria-label=\"Umschalten\"><i class=\"icon-angle-down\"><\/i><\/button>\n\t\t\t<span>Wie lange dauert der Fallschirmflug?<\/span>\n\t\t<\/a>\n\t\t<div id=\"accordion-3159306072-content\" class=\"accordion-inner\" aria-labelledby=\"accordion-3159306072-label\" >\n\t\t\t\n\n<p>Abh\u00e4ngig davon, wie viele Kurven ihr fliegt, dauert der Fallschirmflug \u00fcber Ameland im Durchschnitt 4 bis 5 Minuten.<\/p>\n\n\t\t<\/div>\n\t<\/div>\n\t\n\t<div id=\"accordion-559129768\" class=\"accordion-item\">\n\t\t<a id=\"accordion-559129768-label\" class=\"accordion-title plain\" href=\"#accordion-item-darf-ich-den-fallschirm-selbst-steuern?\" aria-expanded=\"false\" aria-controls=\"accordion-559129768-content\" >\n\t\t\t<button class=\"toggle\" aria-label=\"Umschalten\"><i class=\"icon-angle-down\"><\/i><\/button>\n\t\t\t<span>Darf ich den Fallschirm selbst steuern?<\/span>\n\t\t<\/a>\n\t\t<div id=\"accordion-559129768-content\" class=\"accordion-inner\" aria-labelledby=\"accordion-559129768-label\" >\n\t\t\t\n\n<p>In Absprache mit deinem Tandemmaster ist auch das m\u00f6glich.<\/p>\n\n\t\t<\/div>\n\t<\/div>\n\t\n\t<div id=\"accordion-2395745923\" class=\"accordion-item\">\n\t\t<a id=\"accordion-2395745923-label\" class=\"accordion-title plain\" href=\"#accordion-item-wie-ist-die-landung?\" aria-expanded=\"false\" aria-controls=\"accordion-2395745923-content\" >\n\t\t\t<button class=\"toggle\" aria-label=\"Umschalten\"><i class=\"icon-angle-down\"><\/i><\/button>\n\t\t\t<span>Wie ist die Landung?<\/span>\n\t\t<\/a>\n\t\t<div id=\"accordion-2395745923-content\" class=\"accordion-inner\" aria-labelledby=\"accordion-2395745923-label\" >\n\t\t\t\n\n<p>Kurz vor der Landung bremsen wir den Fallschirm ab, damit die Landung sanft verl\u00e4uft.<\/p>\n\n\t\t<\/div>\n\t<\/div>\n\t\n\t<div id=\"accordion-3152408743\" class=\"accordion-item\">\n\t\t<a id=\"accordion-3152408743-label\" class=\"accordion-title plain\" href=\"#accordion-item-welche-erfahrung\/-ausbildung-hat-ein-tandeminstrukteur?\" aria-expanded=\"false\" aria-controls=\"accordion-3152408743-content\" >\n\t\t\t<button class=\"toggle\" aria-label=\"Umschalten\"><i class=\"icon-angle-down\"><\/i><\/button>\n\t\t\t<span>Welche Erfahrung\/ Ausbildung hat ein Tandeminstrukteur?<\/span>\n\t\t<\/a>\n\t\t<div id=\"accordion-3152408743-content\" class=\"accordion-inner\" aria-labelledby=\"accordion-3152408743-label\" >\n\t\t\t\n\n<p>Bevor ein Fallschirmspringer mit Passagieren springen darf, muss er\/ sie mindesten 1.000 Spr\u00fcnge absolviert haben. Das ist eine ganze Mende. Die Ausbildung zum Tandemmaster muss au\u00dferdem erfolgreich abgeschlossen worden sein.<\/p>\n<p>Die Tandemmaster mit denen du bei Skydive Ameland springst haben zwischen 4.000 und 14.000 (!) Spr\u00fcnge schon absolviert.<\/p>\n\n\t\t<\/div>\n\t<\/div>\n\t\n\t<div id=\"accordion-1581478144\" class=\"accordion-item\">\n\t\t<a id=\"accordion-1581478144-label\" class=\"accordion-title plain\" href=\"#accordion-item-welche-schuhe\/-kleidung-sollte-ich-(nicht)-tragen?\" aria-expanded=\"false\" aria-controls=\"accordion-1581478144-content\" >\n\t\t\t<button class=\"toggle\" aria-label=\"Umschalten\"><i class=\"icon-angle-down\"><\/i><\/button>\n\t\t\t<span>Welche Schuhe\/ Kleidung sollte ich (nicht) tragen?<\/span>\n\t\t<\/a>\n\t\t<div id=\"accordion-1581478144-content\" class=\"accordion-inner\" aria-labelledby=\"accordion-1581478144-label\" >\n\t\t\t\n\n<p>Wir raten, Sportschuhe zu tragen, die gut passen und sitzen. In deiner Kleidung solltest du dich frei bewegen k\u00f6nnen, denk an T - Shirt oder Pullover und eine Jeans. \u00dcber deine eigene Kleidung ziehst du sowieso einen Springoverall an, den wir dir zur Verf\u00fcgung stellen.<\/p>\n<p>Hohe Schuhe, Schuhe mit Haken oder \u00d6sen, Kleider oder R\u00f6cke sind nicht praktisch.<\/p>\n\n\t\t<\/div>\n\t<\/div>\n\t\n\t<div id=\"accordion-2667747991\" class=\"accordion-item\">\n\t\t<a id=\"accordion-2667747991-label\" class=\"accordion-title plain\" href=\"#accordion-item-wo-landen-ich-mit-meinem-tandeminstrukteur?\" aria-expanded=\"false\" aria-controls=\"accordion-2667747991-content\" >\n\t\t\t<button class=\"toggle\" aria-label=\"Umschalten\"><i class=\"icon-angle-down\"><\/i><\/button>\n\t\t\t<span>Wo landen ich mit meinem Tandeminstrukteur?<\/span>\n\t\t<\/a>\n\t\t<div id=\"accordion-2667747991-content\" class=\"accordion-inner\" aria-labelledby=\"accordion-2667747991-label\" >\n\t\t\t\n\n<p>Unsere Landezone befindet sich vor dem Hangar. Familie und Freunde k\u00f6nnen hier auf der Terrasse Platz nehmen und deine Landung beobachten.<\/p>\n\n\t\t<\/div>\n\t<\/div>\n\t\n\n<\/div>\n\n\t\t<\/div>\n\t\t\t\t\t<\/div>\n\n\t\n\n<\/div>\n\t\t<\/div>\n\t\t\t\t\t<\/div>\n\n\t\n\n<\/div>\n<div class=\"row\"  id=\"row-1648911624\">\n\n\t<div id=\"col-998915119\" class=\"col small-12 large-12\"  >\n\t\t\t\t<div class=\"col-inner\"  >\n\t\t\t\n\t\t\t\n<div class=\"container section-title-container\" ><h3 class=\"section-title section-title-normal\"><b><\/b><span class=\"section-title-main\" >Standort<\/span><b><\/b><\/h3><\/div>\r\n\r\n<div class=\"row\"  id=\"row-2014060155\">\r\n\r\n\n\t<div id=\"col-1903723024\" class=\"col small-12 large-12\"  >\n\t\t\t\t<div class=\"col-inner\"  >\n\t\t\t\n\t\t\t\r\n\r\n<div class=\"accordion\">\r\n\r\n\t<div id=\"accordion-3421566902\" class=\"accordion-item\">\n\t\t<a id=\"accordion-3421566902-label\" class=\"accordion-title plain\" href=\"#accordion-item-was-ist-die-adresse-von-skydive-ameland?\" aria-expanded=\"false\" aria-controls=\"accordion-3421566902-content\" >\n\t\t\t<button class=\"toggle\" aria-label=\"Umschalten\"><i class=\"icon-angle-down\"><\/i><\/button>\n\t\t\t<span>Was ist die Adresse von Skydive Ameland?<\/span>\n\t\t<\/a>\n\t\t<div id=\"accordion-3421566902-content\" class=\"accordion-inner\" aria-labelledby=\"accordion-3421566902-label\" >\n\t\t\t\r\n\r\n<strong>Skydive Ameland BV<\/strong>\r\nStrandweg 21\r\n9162 EV Ballum\r\n\r\nTel: +31 (0) 519 \u2013 55 48 80\r\n<a href=\"mailto:info@skydive-ameland.nl\">info@skydive-ameland.nl<\/a>\r\n\r\n\n\t<script type=\"text\/javascript\">\n  jQuery( document ).ready(function() {\n    function initialize() {\n        var styles = {\n            'flatsome':  [{\n            \"featureType\": \"administrative\",\n            \"stylers\": [\n              { \"visibility\": \"on\" }\n            ]\n          },\n          {\n            \"featureType\": \"road\",\n            \"stylers\": [\n              { \"visibility\": \"on\" },\n              { \"hue\": \"\" }\n            ]\n          },\n          {\n            \"stylers\": [\n\t\t\t  { \"visibility\": \"on\" },\n\t\t\t  { \"hue\": \"\" },\n\t\t\t  { \"saturation\": 0 }\n            ]\n          }\n        ]};\n\n        var myLatlng = new google.maps.LatLng(53.448364, 5.685664);\n        var myOptions = {\n            zoom: 7,\n            center: myLatlng,\n            mapTypeId: google.maps.MapTypeId.ROADMAP,\n            disableDefaultUI: true,\n            mapTypeId: 'flatsome',\n            draggable: true,\n            zoomControl: true,\n            zoomControlOptions: {\n              position: google.maps.ControlPosition.TOP_LEFT\n            },\n      \t\t\tmapTypeControl: true,\n            mapTypeControlOptions: {\n              position: google.maps.ControlPosition.TOP_LEFT\n            },\n      \t\t\tstreetViewControl: true,\n            streetViewControlOptions: {\n              position: google.maps.ControlPosition.TOP_LEFT\n            },\n            scrollwheel: false,\n            disableDoubleClickZoom: true\n        }\n        var map = new google.maps.Map(document.getElementById(\"map-1348051164-inner\"), myOptions);\n        var styledMapType = new google.maps.StyledMapType(styles['flatsome'], {name: 'flatsome'});\n        map.mapTypes.set('flatsome', styledMapType);\n\n        var marker = new google.maps.Marker({\n            position: myLatlng,\n            map: map,\n            title:\"\"\n        });\n    }\n\n    \/\/ Required to proceed\n    if (!(typeof google === 'object' && typeof google.maps === 'object')) {\n      return\n    }\n\n    initialize()\n    google.maps.event.addDomListener(window, 'resize', initialize);\n    });\n    <\/script>\n\n    <div class=\"google-map relative mb\" id=\"map-1348051164\">\n        <div class=\"map-height\" id=\"map-1348051164-inner\"><\/div>\n        <div id=\"map_overlay_top\"><\/div>\n        <div id=\"map_overlay_bottom\"><\/div>\n                  <div class=\"map_inner map-inner last-reset absolute x100 md-x95 lg-x95 y100 md-y95 lg-y95\">\n              \r\n<p style=\"text-align: center;\"><a href=\"https:\/\/www.google.com\/maps\/dir\/Current+Location\/skydive+ameland+ballum+nederland\" target=\"_blank\" rel=\"noopener\">\u00d6ffnen in Google Maps<\/a><\/p>\r\n         <\/div>\n       \n       \n<style>\n#map-1348051164 .map-inner {\n  background-color: rgb(255, 255, 255);\n  max-width: 100%;\n}\n#map-1348051164 .map-height {\n  height: 400px;\n}\n@media (min-width:550px) {\n  #map-1348051164 .map-inner {\n    max-width: 40%;\n  }\n}\n@media (min-width:850px) {\n  #map-1348051164 .map-inner {\n    max-width: 30%;\n  }\n}\n<\/style>\n    <\/div>\n\n\t\r\n\r\n\t\t<\/div>\n\t<\/div>\n\t\r\n\t<div id=\"accordion-2343555847\" class=\"accordion-item\">\n\t\t<a id=\"accordion-2343555847-label\" class=\"accordion-title plain\" href=\"#accordion-item-wie-funktioniert-das-reisen-mit-dem-wagenborg-f\u00e4hrdienst?\" aria-expanded=\"false\" aria-controls=\"accordion-2343555847-content\" >\n\t\t\t<button class=\"toggle\" aria-label=\"Umschalten\"><i class=\"icon-angle-down\"><\/i><\/button>\n\t\t\t<span>Wie funktioniert das Reisen mit dem Wagenborg F\u00e4hrdienst?<\/span>\n\t\t<\/a>\n\t\t<div id=\"accordion-2343555847-content\" class=\"accordion-inner\" aria-labelledby=\"accordion-2343555847-label\" >\n\t\t\t\r\n\r\nAktuelle Informationen findest du auf den Webseiten <a href=\"http:\/\/www.wpd.nl\" target=\"_blank\" rel=\"noopener\">www.wpd.nl<\/a> of <a href=\"http:\/\/www.bestellen.wpd.nl\" target=\"_blank\" rel=\"noopener\">www.bestellen.wpd.nl<\/a>\r\n\r\n\t\t<\/div>\n\t<\/div>\n\t\r\n\t<div id=\"accordion-2164324934\" class=\"accordion-item\">\n\t\t<a id=\"accordion-2164324934-label\" class=\"accordion-title plain\" href=\"#accordion-item-wie-erreiche-ich-holwerd-mit-\u00d6vm?\" aria-expanded=\"false\" aria-controls=\"accordion-2164324934-content\" >\n\t\t\t<button class=\"toggle\" aria-label=\"Umschalten\"><i class=\"icon-angle-down\"><\/i><\/button>\n\t\t\t<span>Wie erreiche ich Holwerd mit \u00d6VM?<\/span>\n\t\t<\/a>\n\t\t<div id=\"accordion-2164324934-content\" class=\"accordion-inner\" aria-labelledby=\"accordion-2164324934-label\" >\n\t\t\t\r\n\r\nBesuche die Webseite <a href=\"http:\/\/www.9292.nl\" target=\"_blank\" rel=\"noopener\">www.9292.nl<\/a> und gib als Bestimmung Veerdam, Holwerd an.\r\n\r\n\t\t<\/div>\n\t<\/div>\n\t\r\n\t<div id=\"accordion-171171864\" class=\"accordion-item\">\n\t\t<a id=\"accordion-171171864-label\" class=\"accordion-title plain\" href=\"#accordion-item-wie-erreiche-ich-skydive-ameland-von-der-f\u00e4hre-aus?\" aria-expanded=\"false\" aria-controls=\"accordion-171171864-content\" >\n\t\t\t<button class=\"toggle\" aria-label=\"Umschalten\"><i class=\"icon-angle-down\"><\/i><\/button>\n\t\t\t<span>Wie erreiche ich Skydive Ameland von der F\u00e4hre aus?<\/span>\n\t\t<\/a>\n\t\t<div id=\"accordion-171171864-content\" class=\"accordion-inner\" aria-labelledby=\"accordion-171171864-label\" >\n\t\t\t\r\n\r\nEntweder steigst du in den Bus (informiere den Busfahrer, das du zum Flughafen m\u00f6chtest) oder du f\u00e4hrst mit dem Taxi. Du kannst auch ein Fahrrad mieten. Bedenke, das du mit Fahrrad l\u00e4nger unterwegs bist bis zum Paracentrum Ameland.\r\n\r\n\t\t<\/div>\n\t<\/div>\n\t\r\n\t<div id=\"accordion-1647797547\" class=\"accordion-item\">\n\t\t<a id=\"accordion-1647797547-label\" class=\"accordion-title plain\" href=\"#accordion-item-welche-\u00dcbernachtungsm\u00f6glichkeiten-empfehlt-ihr?\" aria-expanded=\"false\" aria-controls=\"accordion-1647797547-content\" >\n\t\t\t<button class=\"toggle\" aria-label=\"Umschalten\"><i class=\"icon-angle-down\"><\/i><\/button>\n\t\t\t<span>Welche \u00dcbernachtungsm\u00f6glichkeiten empfehlt ihr?<\/span>\n\t\t<\/a>\n\t\t<div id=\"accordion-1647797547-content\" class=\"accordion-inner\" aria-labelledby=\"accordion-1647797547-label\" >\n\t\t\t\r\n\r\nAmeland ist eine echte Urlaubsinsel. Es gibt insgesamt 4 D\u00f6rfer auf Ameland und reichlich \u00dcbernachtungsm\u00f6glichkeiten f\u00fcr jedes Budget.\r\n\r\nWenn du so nahe wie m\u00f6glich in der N\u00e4he des Flughafen \u00fcbernachten m\u00f6chtest, k\u00f6nnen wir Hotel Nobel <a href=\"http:\/\/www.hotelnobel.nl\" target=\"_blank\" rel=\"noopener\">www.hotelnobel.nl,<\/a> (auch bekannt als het Nobeltje) empfehlen.\r\n\r\nLieber schlafen und tr\u00e4umen in der N\u00e4he des Leuchtturms? Buch dann bei Qurios Ameland <a href=\"http:\/\/www.qurios.nl\/vakantiepark-ameland\/\" target=\"_blank\" rel=\"noopener\">www.qurios.nl\/vakantiepark-ameland\/<\/a>\r\n\r\nOder du befragst Google nach den M\u00f6glichkeiten. Es ist f\u00fcr jeden etwas dabei.\r\n\r\n\/accordion-item]\r\n\t<div id=\"accordion-2029703999\" class=\"accordion-item\">\n\t\t<a id=\"accordion-2029703999-label\" class=\"accordion-title plain\" href=\"#accordion-item-was-gibt-es-denn-noch-mehr-zu-tun-auf-ameland?\" aria-expanded=\"false\" aria-controls=\"accordion-2029703999-content\" >\n\t\t\t<button class=\"toggle\" aria-label=\"Umschalten\"><i class=\"icon-angle-down\"><\/i><\/button>\n\t\t\t<span>Was gibt es denn noch mehr zu tun auf Ameland?<\/span>\n\t\t<\/a>\n\t\t<div id=\"accordion-2029703999-content\" class=\"accordion-inner\" aria-labelledby=\"accordion-2029703999-label\" >\n\t\t\t\t\t<\/div>\n\t<\/div>\n\t\r\n\r\nAuf Ameland werden das ganze Jahr \u00fcber viele verschieden Aktivit\u00e4ten organisiert. Eine \u00dcbersicht findest du auf <a href=\"http:\/\/www.vvvameland.nl\" target=\"_blank\" rel=\"noopener\">www.vvvameland.nl<\/a>\r\n\r\n<strong>Unsere Tipps:<\/strong>\r\n<ul>\r\n \t<li><a href=\"http:\/\/www.kaasboerderijameland.nl\/\" target=\"_blank\" rel=\"noopener\">K\u00e4sebauernhof Ameland<\/a><\/li>\r\n \t<li><a href=\"https:\/\/www.amelanderhistorie.nl\/cultuur\/nobels-nostalgisch-museum\" target=\"_blank\" rel=\"noopener\">Nobels Nostalgisches Museum<\/a><\/li>\r\n \t<li><a href=\"https:\/\/www.vvvameland.nl\/zien-en-doen\/musea\/vuurtoren\" target=\"_blank\" rel=\"noopener\">Leuchtturm Ameland (Bornrif)<\/a><\/li>\r\n \t<li><a href=\"https:\/\/www.vvvameland.nl\/veelgestelde-vragen\/activiteiten-en-evenementen\/wanneer-vinden-de-demonstraties-van-de-paardenreddingboot-plaats\" target=\"_blank\" rel=\"noopener\">Pferderettungsboot<\/a><\/li>\r\n \t<li><a href=\"http:\/\/www.thesunset.nl\/nl\/index.html\" target=\"_blank\" rel=\"noopener\">Beachclub The Sunset<\/a><\/li>\r\n \t<li><a href=\"https:\/\/www.amelandadventure.nl\/\" target=\"_blank\" rel=\"noopener\">Ameland Abenteuer<\/a><\/li>\r\n \t<li><a href=\"https:\/\/www.paintball-ameland.nl\/\" target=\"_blank\" rel=\"noopener\">Paintball Ameland<\/a><\/li>\r\n \t<li><a href=\"https:\/\/robbentochtameland.nl\/nl\/robbentocht\/\" target=\"_blank\" rel=\"noopener\">Seehundentouren<\/a><\/li>\r\n \t<li><a href=\"http:\/\/www.cat-club-ameland.nl\/\" target=\"_blank\" rel=\"noopener\">Catamaran Club Ameland<\/a><\/li>\r\n \t<li><a href=\"http:\/\/strandexpress-ameland.nl\/\" target=\"_blank\" rel=\"noopener\">Strandexpress<\/a><\/li>\r\n \t<li><a href=\"http:\/\/www.rijstallecheval.nl\/\" target=\"_blank\" rel=\"noopener\">Rijstal Le Cheval<\/a><\/li>\r\n \t<li><a href=\"https:\/\/www.rijstaldeblinkert.nl\/\" target=\"_blank\" rel=\"noopener\">Manege de Blinkert<\/a><\/li>\r\n \t<li><a href=\"https:\/\/www.bodyshapeameland.com\/\" target=\"_blank\" rel=\"noopener\">Bodyshape Ameland<\/a><\/li>\r\n \t<li><a href=\"https:\/\/www.golfbaanameland.nl\/\" target=\"_blank\" rel=\"noopener\">Golfbahn Ameland<\/a><\/li>\r\n<\/ul>\r\n<a href=\"https:\/\/www.vvvameland.nl\/\" target=\"_blank\" class=\"button alert is-small\" rel=\"noopener\"  style=\"border-radius:99px;\">\n\t\t<span>www.vvvameland.nl<\/span>\n\t<\/a>\n\r\n\r\n\t\t<\/div>\n\t<\/div>\n\t\r\n\r\n<\/div>\r\n\r\n\t\t<\/div>\n\t\t\t\t\t<\/div>\n\n\t\r\n\r\n<\/div>\n\t\t<\/div>\n\t\t\t\t\t<\/div>\n\n\t\n<\/div>\n\t\t<\/div>\n\t\t\t\t\t<\/div>\n\n\t\n<\/div>\n","protected":false},"excerpt":{"rendered":"","protected":false},"author":1,"featured_media":0,"parent":0,"menu_order":35,"comment_status":"closed","ping_status":"closed","template":"pc-page-transparent-header-light.php","meta":{"footnotes":""},"class_list":["post-7344","page","type-page","status-publish","hentry"],"yoast_head":"<!-- This site is optimized with the Yoast SEO Premium plugin v25.4 (Yoast SEO v25.4) - https:\/\/yoast.com\/wordpress\/plugins\/seo\/ -->\n<title>H\u00e4ufig gestellte Fragen - Tandem parachute springen boven Ameland en waddenzee<\/title>\n<meta name=\"robots\" content=\"index, follow, max-snippet:-1, max-image-preview:large, max-video-preview:-1\" \/>\n<link rel=\"canonical\" href=\"https:\/\/www.skydive-ameland.nl\/de\/haeufig-gestellte-fragen\/\" \/>\n<meta property=\"og:locale\" content=\"de_DE\" \/>\n<meta property=\"og:type\" content=\"article\" \/>\n<meta property=\"og:title\" content=\"H\u00e4ufig gestellte Fragen\" \/>\n<meta property=\"og:url\" content=\"https:\/\/www.skydive-ameland.nl\/de\/haeufig-gestellte-fragen\/\" \/>\n<meta property=\"og:site_name\" content=\"Tandem parachute springen boven Ameland en waddenzee\" \/>\n<meta property=\"article:modified_time\" content=\"2019-01-25T16:11:53+00:00\" \/>\n<meta name=\"twitter:card\" content=\"summary_large_image\" \/>\n<meta name=\"twitter:label1\" content=\"Gesch\u00e4tzte Lesezeit\" \/>\n\t<meta name=\"twitter:data1\" content=\"1\u00a0Minute\" \/>\n<script type=\"application\/ld+json\" class=\"yoast-schema-graph\">{\"@context\":\"https:\/\/schema.org\",\"@graph\":[{\"@type\":\"WebPage\",\"@id\":\"https:\/\/www.skydive-ameland.nl\/de\/haeufig-gestellte-fragen\/\",\"url\":\"https:\/\/www.skydive-ameland.nl\/de\/haeufig-gestellte-fragen\/\",\"name\":\"H\u00e4ufig gestellte Fragen - Tandem parachute springen boven Ameland en waddenzee\",\"isPartOf\":{\"@id\":\"https:\/\/www.skydive-ameland.nl\/#website\"},\"datePublished\":\"2018-01-09T18:49:11+00:00\",\"dateModified\":\"2019-01-25T16:11:53+00:00\",\"breadcrumb\":{\"@id\":\"https:\/\/www.skydive-ameland.nl\/de\/haeufig-gestellte-fragen\/#breadcrumb\"},\"inLanguage\":\"de\",\"potentialAction\":[{\"@type\":\"ReadAction\",\"target\":[\"https:\/\/www.skydive-ameland.nl\/de\/haeufig-gestellte-fragen\/\"]}]},{\"@type\":\"BreadcrumbList\",\"@id\":\"https:\/\/www.skydive-ameland.nl\/de\/haeufig-gestellte-fragen\/#breadcrumb\",\"itemListElement\":[{\"@type\":\"ListItem\",\"position\":1,\"name\":\"Home\",\"item\":\"https:\/\/www.skydive-ameland.nl\/de\/\"},{\"@type\":\"ListItem\",\"position\":2,\"name\":\"H\u00e4ufig gestellte Fragen\"}]},{\"@type\":\"WebSite\",\"@id\":\"https:\/\/www.skydive-ameland.nl\/#website\",\"url\":\"https:\/\/www.skydive-ameland.nl\/\",\"name\":\"Tandem parachute springen boven Ameland en waddenzee\",\"description\":\"Maak bij het paracentrum je eerste parachutesprong door een tandemsprong te maken op Nederlands mooiste locatie. De ervaring van je leven!\",\"potentialAction\":[{\"@type\":\"SearchAction\",\"target\":{\"@type\":\"EntryPoint\",\"urlTemplate\":\"https:\/\/www.skydive-ameland.nl\/?s={search_term_string}\"},\"query-input\":{\"@type\":\"PropertyValueSpecification\",\"valueRequired\":true,\"valueName\":\"search_term_string\"}}],\"inLanguage\":\"de\"}]}<\/script>\n<!-- \/ Yoast SEO Premium plugin. -->","yoast_head_json":{"title":"H\u00e4ufig gestellte Fragen - Tandem parachute springen boven Ameland en waddenzee","robots":{"index":"index","follow":"follow","max-snippet":"max-snippet:-1","max-image-preview":"max-image-preview:large","max-video-preview":"max-video-preview:-1"},"canonical":"https:\/\/www.skydive-ameland.nl\/de\/haeufig-gestellte-fragen\/","og_locale":"de_DE","og_type":"article","og_title":"H\u00e4ufig gestellte Fragen","og_url":"https:\/\/www.skydive-ameland.nl\/de\/haeufig-gestellte-fragen\/","og_site_name":"Tandem parachute springen boven Ameland en waddenzee","article_modified_time":"2019-01-25T16:11:53+00:00","twitter_card":"summary_large_image","twitter_misc":{"Gesch\u00e4tzte Lesezeit":"1\u00a0Minute"},"schema":{"@context":"https:\/\/schema.org","@graph":[{"@type":"WebPage","@id":"https:\/\/www.skydive-ameland.nl\/de\/haeufig-gestellte-fragen\/","url":"https:\/\/www.skydive-ameland.nl\/de\/haeufig-gestellte-fragen\/","name":"H\u00e4ufig gestellte Fragen - Tandem parachute springen boven Ameland en waddenzee","isPartOf":{"@id":"https:\/\/www.skydive-ameland.nl\/#website"},"datePublished":"2018-01-09T18:49:11+00:00","dateModified":"2019-01-25T16:11:53+00:00","breadcrumb":{"@id":"https:\/\/www.skydive-ameland.nl\/de\/haeufig-gestellte-fragen\/#breadcrumb"},"inLanguage":"de","potentialAction":[{"@type":"ReadAction","target":["https:\/\/www.skydive-ameland.nl\/de\/haeufig-gestellte-fragen\/"]}]},{"@type":"BreadcrumbList","@id":"https:\/\/www.skydive-ameland.nl\/de\/haeufig-gestellte-fragen\/#breadcrumb","itemListElement":[{"@type":"ListItem","position":1,"name":"Home","item":"https:\/\/www.skydive-ameland.nl\/de\/"},{"@type":"ListItem","position":2,"name":"H\u00e4ufig gestellte Fragen"}]},{"@type":"WebSite","@id":"https:\/\/www.skydive-ameland.nl\/#website","url":"https:\/\/www.skydive-ameland.nl\/","name":"Tandem parachute springen boven Ameland en waddenzee","description":"Maak bij het paracentrum je eerste parachutesprong door een tandemsprong te maken op Nederlands mooiste locatie. De ervaring van je leven!","potentialAction":[{"@type":"SearchAction","target":{"@type":"EntryPoint","urlTemplate":"https:\/\/www.skydive-ameland.nl\/?s={search_term_string}"},"query-input":{"@type":"PropertyValueSpecification","valueRequired":true,"valueName":"search_term_string"}}],"inLanguage":"de"}]}},"_links":{"self":[{"href":"https:\/\/www.skydive-ameland.nl\/de\/wp-json\/wp\/v2\/pages\/7344","targetHints":{"allow":["GET"]}}],"collection":[{"href":"https:\/\/www.skydive-ameland.nl\/de\/wp-json\/wp\/v2\/pages"}],"about":[{"href":"https:\/\/www.skydive-ameland.nl\/de\/wp-json\/wp\/v2\/types\/page"}],"author":[{"embeddable":true,"href":"https:\/\/www.skydive-ameland.nl\/de\/wp-json\/wp\/v2\/users\/1"}],"replies":[{"embeddable":true,"href":"https:\/\/www.skydive-ameland.nl\/de\/wp-json\/wp\/v2\/comments?post=7344"}],"version-history":[{"count":6,"href":"https:\/\/www.skydive-ameland.nl\/de\/wp-json\/wp\/v2\/pages\/7344\/revisions"}],"predecessor-version":[{"id":7551,"href":"https:\/\/www.skydive-ameland.nl\/de\/wp-json\/wp\/v2\/pages\/7344\/revisions\/7551"}],"wp:attachment":[{"href":"https:\/\/www.skydive-ameland.nl\/de\/wp-json\/wp\/v2\/media?parent=7344"}],"curies":[{"name":"wp","href":"https:\/\/api.w.org\/{rel}","templated":true}]}}