{"id":7348,"date":"2018-01-11T21:05:00","date_gmt":"2018-01-11T20:05:00","guid":{"rendered":"https:\/\/www.skydive-ameland.nl\/?page_id=7348"},"modified":"2022-03-24T15:07:55","modified_gmt":"2022-03-24T14:07:55","slug":"kontakt-2","status":"publish","type":"page","link":"https:\/\/www.skydive-ameland.nl\/de\/kontakt-2\/","title":{"rendered":"Kontakt"},"content":{"rendered":"  <div id=\"page-header-98431685\" class=\"page-header-wrapper\">\n  <div class=\"page-title dark featured-title has-parallax\">\n\n        <div class=\"page-title-bg\">\n      <div class=\"title-bg fill bg-fill\"\n        data-parallax-container=\".page-title\"\n        data-parallax-background\n        data-parallax=\"-5\">\n      <\/div>\n      <div class=\"title-overlay fill\"><\/div>\n    <\/div>\n    \n    <div class=\"page-title-inner container align-center flex-row medium-flex-wrap\" data-parallax-fade=\"true\" data-parallax=\"-5\">\n              <div class=\"title-wrapper flex-col text-left medium-text-center\">\n          <h1 class=\"entry-title mb-0\">\n            Kontakt          <\/h1>\n        <\/div>\n                    <div class=\"title-content flex-col flex-right text-right medium-text-center\">\n        <div class=\"title-breadcrumbs pb-half pt-half\"><\/div>      <\/div>\n    <\/div>\n\n     \n<style>\n#page-header-98431685 .page-title-inner {\n  min-height: 320px;\n}\n#page-header-98431685 .title-bg {\n  background-image: url(https:\/\/www.skydive-ameland.nl\/wp-content\/uploads\/ameland-onder-parachute.jpg);\n  background-position: 47% 97%;\n}\n<\/style>\n  <\/div>\n    <\/div>\n  \n<div class=\"is-divider divider clearfix\" style=\"margin-top:0em;margin-bottom:0em;max-width:100%;height:12px;background-color:rgb(210, 31, 39);\"><\/div>\n\n\t<section class=\"section\" id=\"section_1219279762\">\n\t\t<div class=\"section-bg fill\" >\n\t\t\t\t\t\t\t\t\t\n\t\t\t\n\t<div class=\"is-border\"\n\t\tstyle=\"border-width:0px 0px 0px 0px;margin:0px 0px 0 0px;\">\n\t<\/div>\n\n\t\t<\/div>\n\n\t\t\n\n\t\t<div class=\"section-content relative\">\n\t\t\t\n<div class=\"row\"  id=\"row-1643626420\">\n\n\t<div id=\"col-793139097\" class=\"col medium-9 small-12 large-9\"  >\n\t\t\t\t<div class=\"col-inner\"  >\n\t\t\t\n\t\t\t\n<span class=\"scroll-to\" data-label=\"Scroll to: #\u00d6ffnungszeiten\" data-bullet=\"false\" data-link=\"#\u00d6ffnungszeiten\" data-title=\"\u00d6ffnungszeiten\" ><a name=\"\u00d6ffnungszeiten\"><\/a><\/span>\n<div class=\"container section-title-container\" style=\"margin-top:30px;margin-bottom:20px;\"><h3 class=\"section-title section-title-center\"><b><\/b><span class=\"section-title-main\" style=\"color:rgb(210, 32, 39);\">\u00d6ffnungszeiten<\/span><b><\/b><\/h3><\/div>\n<p>W\u00e4hrend der Springsaison haben wir mindestens 5 Tage die Woche ge\u00f6ffnet: von Mittwoch bis Sonntag.<\/p>\n<p>Es kann passieren, das du kurzzeitig niemanden antriffst an der Rezeption, wenn du uns besuchst. Das bedeutet, das wir uns in diesem Moment wahrscheinlich gerade aller in der Luft befinden oder uns vorbereiten. Keine Panik. Sobald wir gelandet sind, helfen wir dir sofort. Du musst dich nur kurz gedulden.<\/p>\n<div class=\"row\"  id=\"row-114758738\">\n\n\t<div id=\"col-1044922032\" class=\"col medium-6 small-12 large-6\"  >\n\t\t\t\t<div class=\"col-inner\"  >\n\t\t\t\n\t\t\t\n<h5 class=\"uppercase\"><span style=\"color: #d83131;\">Mai\u00a0<\/span>bis\u00a0<span style=\"color: #d83131;\">August<\/span><\/h5>\n<p>Unsere \u00d6ffnungszeiten von Mitte Mai bis August<\/p>\n<div class=\"row\"  id=\"row-1234579235\">\n\n\t<div id=\"col-291951731\" class=\"col medium-4 small-6 large-4\"  >\n\t\t\t\t<div class=\"col-inner\"  >\n\t\t\t\n\t\t\t\n<p>Montag:<br \/>\nDienstag:<br \/>\nMittwoch:<br \/>\nDonnerstag:<br \/>\nFreitag:<br \/>\nSamstag:<br \/>\nSonntag:<\/p>\n\t\t<\/div>\n\t\t\t\t\t<\/div>\n\n\t\n\n\t<div id=\"col-730681746\" class=\"col medium-8 small-6 large-8\"  >\n\t\t\t\t<div class=\"col-inner\"  >\n\t\t\t\n\t\t\t\n<p>Geschlossen<br \/>Geschlossen<br \/><strong>09:00 &#8211; 18:00<\/strong><br \/><strong>09:00 &#8211; 18:00<\/strong><br \/><strong>09:00 &#8211; 18:00<\/strong><br \/><strong>09:00 &#8211; 18:00<\/strong><br \/><strong>09:00 &#8211; 18:00<\/strong><\/p>\n\t\t<\/div>\n\t\t\t\t\t<\/div>\n\n\t\n<\/div>\n\t\t<\/div>\n\t\t\t\t\t<\/div>\n\n\t\n\n\t<div id=\"col-973005328\" class=\"col medium-6 small-12 large-6\"  >\n\t\t\t\t<div class=\"col-inner\"  >\n\t\t\t\n\t\t\t\n<h5 class=\"uppercase\"><span style=\"color: #d83131;\">September<\/span><\/h5>\n<p>Unsere \u00d6ffnungszeiten in der Nachsaison:<\/p>\n<div class=\"row\"  id=\"row-1224854854\">\n\n\t<div id=\"col-2041993356\" class=\"col medium-4 small-6 large-4\"  >\n\t\t\t\t<div class=\"col-inner\"  >\n\t\t\t\n\t\t\t\n<p>Montag:<br \/>\nDienstag:<br \/>\nMittwoch:<br \/>\nDonnerstag:<br \/>\nFreitag:<br \/>\nSamstag:<br \/>\nSonntag:<\/p>\n\t\t<\/div>\n\t\t\t\t\t<\/div>\n\n\t\n\n\t<div id=\"col-1735619501\" class=\"col medium-8 small-6 large-8\"  >\n\t\t\t\t<div class=\"col-inner\"  >\n\t\t\t\n\t\t\t\n<p>Geschlossen<br \/>\nGeschlossen<br \/>\n<strong>09:00 &#8211; 18:00<\/strong><br \/>\n<strong>09:00 &#8211; 18:00<\/strong><br \/>\n<strong>09:00 &#8211; 18:00<\/strong><br \/>\n<strong>09:00 &#8211; 18:00<\/strong><br \/>\n<strong>09:00 &#8211; 18:00<\/strong><\/p>\n\t\t<\/div>\n\t\t\t\t\t<\/div>\n\n\t\n<\/div>\n\t\t<\/div>\n\t\t\t\t\t<\/div>\n\n\t\n<\/div>\n\t\t<\/div>\n\t\t\t\t\t<\/div>\n\n\t\n\n\t<div id=\"col-2132868950\" class=\"col hide-for-small medium-3 small-12 large-3\"  >\n\t\t\t\t<div class=\"col-inner text-center\"  >\n\t\t\t\n\t\t\t\n<ul class=\"sidebar-wrapper ul-reset\"><li id=\"nav_menu-16\" class=\"widget widget_nav_menu\"><h2 class=\"widgettitle\">Contact<\/h2>\n<\/li><\/ul>\n\t<div id=\"gap-1305666653\" class=\"gap-element clearfix\" style=\"display:block; height:auto;\">\n\t\t\n<style>\n#gap-1305666653 {\n  padding-top: 30px;\n}\n<\/style>\n\t<\/div>\n\t\n<a href=\"https:\/\/bookings.burblesoft.eu\/index\/6124\/18\" target=\"_blank\" class=\"button alert is-small box-shadow-1-hover expand\" rel=\"noopener\"  style=\"border-radius:99px;\">\n\t\t<span>Tandemsprung buchen<\/span>\n\t<\/a>\n\r\n\r\n<a href=\"https:\/\/www.skydive-ameland.nl\/de\/gutschein-kaufen\/\" class=\"button alert is-small box-shadow-1-hover expand\"  style=\"border-radius:99px;\">\n\t\t<span>Geschenkgutschein kaufen<\/span>\n\t<\/a>\n\r\n\r\n<div class=\"social-icons follow-icons full-width text-center\" ><a href=\"http:\/\/www.facebook.com\/SkydiveAmeland\" target=\"_blank\" data-label=\"Facebook\" class=\"icon primary button circle facebook tooltip\" title=\"Auf Facebook folgen\" aria-label=\"Auf Facebook folgen\" rel=\"noopener nofollow\" ><i class=\"icon-facebook\" ><\/i><\/a><\/div>\n\t\t<\/div>\n\t\t\t\t\n<style>\n#col-2132868950 > .col-inner {\n  padding: 12px 0px 0px 0px;\n  margin: 0px 0px 0px 0px;\n}\n<\/style>\n\t<\/div>\n\n\t\n<\/div>\n\t\t<\/div>\n\n\t\t\n<style>\n#section_1219279762 {\n  padding-top: 30px;\n  padding-bottom: 30px;\n  margin-bottom: -30px;\n}\n<\/style>\n\t<\/section>\n\t\n\n\t<section class=\"section dark has-mask mask-angled-right has-parallax\" id=\"section_226493773\">\n\t\t<div class=\"section-bg fill\" data-parallax-container=\".section\" data-parallax-background data-parallax=\"-10\">\n\t\t\t<img loading=\"lazy\" decoding=\"async\" width=\"1400\" height=\"788\" src=\"https:\/\/www.skydive-ameland.nl\/wp-content\/uploads\/ameland-nobel-parachute-landing-nes.jpg\" class=\"bg attachment- size-\" alt=\"\" \/>\t\t\t\t\t\t<div class=\"section-bg-overlay absolute fill\"><\/div>\n\t\t\t\n\t<div class=\"is-border\"\n\t\tstyle=\"border-color:rgb(235, 235, 235);border-width:0px 0px 0px 0px;margin:0px 0px 0 0px;\">\n\t<\/div>\n\n\t\t<\/div>\n\n\t\t\n\n\t\t<div class=\"section-content relative\">\n\t\t\t\n<div class=\"row\"  id=\"row-1736198753\">\n\n\t<div id=\"col-1534246465\" class=\"col medium-11 small-12 large-11\"  >\n\t\t\t\t<div class=\"col-inner text-shadow-2\"  >\n\t\t\t\n\t\t\t\n\t<div id=\"gap-2036485358\" class=\"gap-element clearfix\" style=\"display:block; height:auto;\">\n\t\t\n<style>\n#gap-2036485358 {\n  padding-top: 51px;\n}\n<\/style>\n\t<\/div>\n\t\n<h2 class=\"uppercase\">Komm vorbei!<\/h2>\n<p>Wir finden es immer ganz super, wenn Leute uns beim Springen zuschauen. Vielleicht willst du in der Zukunft auch selbst Fallschirmspringen und findest es einfach interessant um dabei zuzusehen, wie wir arbeiten. Du bist bei uns als Zuschauer immer herzlich willkommen und (fast) immer gibt es bei uns genug zu sehen und zu entdecken.<\/p>\n<p>F\u00fcr Entscheidungsfreudige, die sich vor Ort entscheiden, das heute der Tag der Tage ist um zu springen, kann fast immer ein Platz gefunden werden. Nat\u00fcrlich abh\u00e4ngig vom jeweiligen Betrieb an diesem Tag und den geplanten Reservierungen.<\/p>\n\t\t<\/div>\n\t\t\t\t\n<style>\n#col-1534246465 > .col-inner {\n  margin: 0 0px 0px 0px;\n}\n<\/style>\n\t<\/div>\n\n\t\n<\/div>\n\t\t<\/div>\n\n\t\t\n<style>\n#section_226493773 {\n  padding-top: 59px;\n  padding-bottom: 59px;\n  min-height: 300px;\n  background-color: #446084;\n}\n#section_226493773 .section-bg-overlay {\n  background-color: rgba(0, 0, 0, 0.4);\n}\n#section_226493773 .section-bg img {\n  object-position: 46% 39%;\n}\n<\/style>\n\t<\/section>\n\t\n<div class=\"is-divider divider clearfix\" style=\"margin-top:0em;margin-bottom:0em;max-width:100%;height:12px;background-color:rgb(210, 31, 39);\"><\/div>\n\n\t<section class=\"section\" id=\"section_1200311816\">\n\t\t<div class=\"section-bg fill\" >\n\t\t\t\t\t\t\t\t\t\n\t\t\t\n\t<div class=\"is-border\"\n\t\tstyle=\"border-width:0px 0px 0px 0px;margin:0px 0px 0 0px;\">\n\t<\/div>\n\n\t\t<\/div>\n\n\t\t\n\n\t\t<div class=\"section-content relative\">\n\t\t\t\n<span class=\"scroll-to\" data-label=\"Scroll to: #adres\" data-bullet=\"false\" data-link=\"#adres\" data-title=\"adres\" ><a name=\"adres\"><\/a><\/span>\n<div class=\"row\"  id=\"row-1706565241\">\n\n\t<div id=\"col-584626629\" class=\"col small-12 large-12\"  >\n\t\t\t\t<div class=\"col-inner\"  >\n\t\t\t\n\t\t\t\n<div class=\"container section-title-container\" style=\"margin-top:30px;margin-bottom:20px;\"><h3 class=\"section-title section-title-center\"><b><\/b><span class=\"section-title-main\" style=\"color:rgb(210, 32, 39);\">Adresse und Firmendaten<\/span><b><\/b><\/h3><\/div>\n<div class=\"row\"  id=\"row-1801825455\">\n\n\t<div id=\"col-427621966\" class=\"col medium-4 small-12 large-4\"  >\n\t\t\t\t<div class=\"col-inner\"  >\n\t\t\t\n\t\t\t\n<h5 class=\"uppercase\"><span style=\"color: #d83131;\">Adresse\u00a0<\/span><\/h5>\n<p>Skydive Ameland BV<br \/>\nStrandweg 21<br \/>\n9162 EV Ballum<\/p>\n<p>Tel.: +31 (0) 519 554880<br \/>\ninfo@skydive-ameland.nl<\/p>\n\t<div id=\"gap-1736361771\" class=\"gap-element clearfix\" style=\"display:block; height:auto;\">\n\t\t\n<style>\n#gap-1736361771 {\n  padding-top: 30px;\n}\n<\/style>\n\t<\/div>\n\t\n<h5 class=\"uppercase\"><span style=\"color: #d83131;\">Firmen\u00a0<\/span>daten<\/h5>\n<p>Rabobank 1626.65.199<br \/>\nIBAN: NL31RABO0162665199<br \/>\nSwift\/Bic: RABO NL 2 U<\/p>\n<p>KvK Alkmaar: 55077587<br \/>\nBTW: NL004078883B01<\/p>\n\t\t<\/div>\n\t\t\t\t\t<\/div>\n\n\t\n\n\t<div id=\"col-564509903\" class=\"col medium-8 small-12 large-8\"  >\n\t\t\t\t<div class=\"col-inner\"  >\n\t\t\t\n\t\t\t\n\n\t<script type=\"text\/javascript\">\n  jQuery( document ).ready(function() {\n    function initialize() {\n        var styles = {\n            'flatsome':  [{\n            \"featureType\": \"administrative\",\n            \"stylers\": [\n              { \"visibility\": \"on\" }\n            ]\n          },\n          {\n            \"featureType\": \"road\",\n            \"stylers\": [\n              { \"visibility\": \"on\" },\n              { \"hue\": \"\" }\n            ]\n          },\n          {\n            \"stylers\": [\n\t\t\t  { \"visibility\": \"on\" },\n\t\t\t  { \"hue\": \"\" },\n\t\t\t  { \"saturation\": 0 }\n            ]\n          }\n        ]};\n\n        var myLatlng = new google.maps.LatLng(53.449485, 5.684444);\n        var myOptions = {\n            zoom: 8,\n            center: myLatlng,\n            mapTypeId: google.maps.MapTypeId.ROADMAP,\n            disableDefaultUI: true,\n            mapTypeId: 'flatsome',\n            draggable: true,\n            zoomControl: true,\n            zoomControlOptions: {\n              position: google.maps.ControlPosition.TOP_LEFT\n            },\n      \t\t\tmapTypeControl: true,\n            mapTypeControlOptions: {\n              position: google.maps.ControlPosition.TOP_LEFT\n            },\n      \t\t\tstreetViewControl: true,\n            streetViewControlOptions: {\n              position: google.maps.ControlPosition.TOP_LEFT\n            },\n            scrollwheel: false,\n            disableDoubleClickZoom: true\n        }\n        var map = new google.maps.Map(document.getElementById(\"map-405828158-inner\"), myOptions);\n        var styledMapType = new google.maps.StyledMapType(styles['flatsome'], {name: 'flatsome'});\n        map.mapTypes.set('flatsome', styledMapType);\n\n        var marker = new google.maps.Marker({\n            position: myLatlng,\n            map: map,\n            title:\"\"\n        });\n    }\n\n    \/\/ Required to proceed\n    if (!(typeof google === 'object' && typeof google.maps === 'object')) {\n      return\n    }\n\n    initialize()\n    google.maps.event.addDomListener(window, 'resize', initialize);\n    });\n    <\/script>\n\n    <div class=\"google-map relative mb\" id=\"map-405828158\">\n        <div class=\"map-height\" id=\"map-405828158-inner\"><\/div>\n        <div id=\"map_overlay_top\"><\/div>\n        <div id=\"map_overlay_bottom\"><\/div>\n                  <div class=\"map_inner map-inner last-reset absolute x100 md-x95 lg-x95 y100 md-y95 lg-y95\">\n              \n<p><span style=\"font-size: 75%;\"><a href=\"https:\/\/www.google.com\/maps\/dir\/Current+Location\/Calandweg+44,+4341+RA+Arnemuiden\" target=\"_blank\" rel=\"noopener\">\u00d6ffnen in Google Maps<\/a><\/span><\/p>\n         <\/div>\n       \n       \n<style>\n#map-405828158 .map-inner {\n  background-color: #fff;\n  max-width: 100%;\n}\n#map-405828158 .map-height {\n  height: 520px;\n}\n@media (min-width:550px) {\n  #map-405828158 .map-inner {\n    max-width: 40%;\n  }\n}\n@media (min-width:850px) {\n  #map-405828158 .map-inner {\n    max-width: 30%;\n  }\n}\n<\/style>\n    <\/div>\n\n\t\n\t\t<\/div>\n\t\t\t\t\t<\/div>\n\n\t\n<\/div>\n\t\t<\/div>\n\t\t\t\t\t<\/div>\n\n\t\n<\/div>\n\t\t<\/div>\n\n\t\t\n<style>\n#section_1200311816 {\n  padding-top: 30px;\n  padding-bottom: 30px;\n  margin-bottom: -30px;\n}\n<\/style>\n\t<\/section>\n\t\n\n\t<section class=\"section\" id=\"section_164831278\">\n\t\t<div class=\"section-bg fill\" >\n\t\t\t\t\t\t\t\t\t\n\t\t\t\n\t<div class=\"is-border\"\n\t\tstyle=\"border-width:0px 0px 0px 0px;margin:0px 0px 0 0px;\">\n\t<\/div>\n\n\t\t<\/div>\n\n\t\t\n\n\t\t<div class=\"section-content relative\">\n\t\t\t\n<span class=\"scroll-to\" data-label=\"Scroll to: #route\" data-bullet=\"false\" data-link=\"#route\" data-title=\"Routenbeschreibung\" ><a name=\"route\"><\/a><\/span>\n<div class=\"row\"  id=\"row-778577293\">\n\n<\/div>\n\t\t<\/div>\n\n\t\t\n<style>\n#section_164831278 {\n  padding-top: 30px;\n  padding-bottom: 30px;\n  margin-bottom: -30px;\n}\n<\/style>\n\t<\/section>\n\t\n\n\t<section class=\"section dark has-mask mask-angled has-parallax\" id=\"section_282251120\">\n\t\t<div class=\"section-bg fill\" data-parallax-container=\".section\" data-parallax-background data-parallax=\"-10\">\n\t\t\t<img loading=\"lazy\" decoding=\"async\" width=\"1400\" height=\"788\" src=\"https:\/\/www.skydive-ameland.nl\/wp-content\/uploads\/duo-sprong-tandem-skydive.jpg\" class=\"bg attachment- size-\" alt=\"\" \/>\t\t\t\t\t\t<div class=\"section-bg-overlay absolute fill\"><\/div>\n\t\t\t\n\t<div class=\"is-border\"\n\t\tstyle=\"border-color:rgb(235, 235, 235);border-width:1px 0px 0px 0px;margin:0px 0px -0 0px;\">\n\t<\/div>\n\n\t\t<\/div>\n\n\t\t\n\n\t\t<div class=\"section-content relative\">\n\t\t\t\n<div class=\"row\"  id=\"row-1204215195\">\n\n\t<div id=\"col-1340661986\" class=\"col small-12 large-12\"  >\n\t\t\t\t<div class=\"col-inner text-shadow-2\"  >\n\t\t\t\n\t\t\t\n<h5 class=\"uppercase\" style=\"text-align: center;\"><span style=\"font-size: 280%;\">Springst du mit uns aus\u00a0<span class=\"count-up\" style=\"font-size: 130%;\">9000<\/span>\u00a0Fuss ?<\/span><\/h5>\n\t\t<\/div>\n\t\t\t\t\n<style>\n#col-1340661986 > .col-inner {\n  margin: 0 0px 0px 0px;\n}\n<\/style>\n\t<\/div>\n\n\t\n<\/div>\n\t\t<\/div>\n\n\t\t\n<style>\n#section_282251120 {\n  padding-top: 59px;\n  padding-bottom: 59px;\n  min-height: 300px;\n  background-color: #446084;\n}\n#section_282251120 .section-bg-overlay {\n  background-color: rgba(0, 0, 0, 0.4);\n}\n#section_282251120 .section-bg img {\n  object-position: 51% 64%;\n}\n<\/style>\n\t<\/section>\n\t\n<div class=\"is-divider divider clearfix\" style=\"margin-top:0em;margin-bottom:0em;max-width:100%;height:12px;background-color:rgb(210, 31, 39);\"><\/div>\n\t<div id=\"gap-1992628212\" class=\"gap-element clearfix\" style=\"display:block; height:auto;\">\n\t\t\n<style>\n#gap-1992628212 {\n  padding-top: 50px;\n}\n<\/style>\n\t<\/div>\n\t\n\n\t<section class=\"section\" id=\"section_1516697492\">\n\t\t<div class=\"section-bg fill\" >\n\t\t\t\t\t\t\t\t\t\n\t\t\t\n\t<div class=\"is-border\"\n\t\tstyle=\"border-width:0px 0px 0px 0px;margin:0px 0px 0 0px;\">\n\t<\/div>\n\n\t\t<\/div>\n\n\t\t\n\n\t\t<div class=\"section-content relative\">\n\t\t\t\n<span class=\"scroll-to\" data-label=\"Scroll to: #formular\" data-bullet=\"false\" data-link=\"#formular\" data-title=\"Kontaktformular\" ><a name=\"formular\"><\/a><\/span>\n<div class=\"row\"  id=\"row-662375219\">\n\n\t<div id=\"col-516123830\" class=\"col small-12 large-12\"  >\n\t\t\t\t<div class=\"col-inner\"  >\n\t\t\t\n\t\t\t\n<div class=\"container section-title-container\" style=\"margin-top:-20px;margin-bottom:40px;\"><h3 class=\"section-title section-title-center\"><b><\/b><span class=\"section-title-main\" style=\"color:rgb(210, 32, 39);\">Kontaktformular<\/span><b><\/b><\/h3><\/div>\n<div class=\"row\"  id=\"row-375790374\">\n\n\t<div id=\"col-2142034850\" class=\"col medium-5 small-12 large-5\"  >\n\t\t\t\t<div class=\"col-inner\"  >\n\t\t\t\n\t\t\t\n<h5 class=\"uppercase\">Schreib uns <span style=\"color: #d83131;\">eine Nachricht<\/span><\/h5>\n<p>Schreib uns eine Nachricht, Dazu f\u00fcllst du einfach unser Kontaktformular aus.<\/p>\n<p>Manchmal erhalten wir sehr viele Anfragen per E-Mail. Sei also nicht gleich beunruhigt, wenn du nicht sofort eine Antwort von uns erh\u00e4lst.<\/p>\n<p>Wir versuchen, alle E-Mails innerhalb von 3 Tagen zu beantworten.<\/p>\n<p>Antworten auf die <a href=\"http:\/\/www.skydive-ameland.nl\/faq-meist-gestellten-Fragen\/\">am h\u00e4ufigsten gestellten Fragen<\/a> findest du am Ende dieser Seite oder auf unserer extra\u00a0<a href=\"http:\/\/www.skydive-ameland.nl\/faq-veel-gestelde-parachutespring-vragen\/\">am h\u00e4ufigsten gestellten Fragen <\/a>\u00a0Seite.<\/p>\n<a href=\"https:\/\/www.skydive-ameland.nl\/de\/haeufig-gestellte-fragen\/\" class=\"button alert is-small\"  style=\"border-radius:99px;\">\n\t\t<span>H\u00e4ufig gestellte Fragen<\/span>\n\t<\/a>\n\n\t\t<\/div>\n\t\t\t\t\t<\/div>\n\n\t\n\n\t<div id=\"col-510653923\" class=\"col medium-7 small-12 large-7\"  >\n\t\t\t\t<div class=\"col-inner\"  >\n\t\t\t\n\t\t\t\n<div class=\"row\"  id=\"row-174759677\">\n\n\t<div id=\"col-674354701\" class=\"col small-6 large-12\"  >\n\t\t\t\t<div class=\"col-inner\"  >\n\t\t\t\n\t\t\t\n\n<div class=\"wpcf7 no-js\" id=\"wpcf7-f7402-o1\" lang=\"en-US\" dir=\"ltr\" data-wpcf7-id=\"7402\">\n<div class=\"screen-reader-response\"><p role=\"status\" aria-live=\"polite\" aria-atomic=\"true\"><\/p> <ul><\/ul><\/div>\n<form action=\"\/de\/wp-json\/wp\/v2\/pages\/7348#wpcf7-f7402-o1\" method=\"post\" class=\"wpcf7-form init\" aria-label=\"Contact form\" novalidate=\"novalidate\" data-status=\"init\">\n<div style=\"display: none;\">\n<input type=\"hidden\" name=\"_wpcf7\" value=\"7402\" \/>\n<input type=\"hidden\" name=\"_wpcf7_version\" value=\"6.0.5\" \/>\n<input type=\"hidden\" name=\"_wpcf7_locale\" value=\"en_US\" \/>\n<input type=\"hidden\" name=\"_wpcf7_unit_tag\" value=\"wpcf7-f7402-o1\" \/>\n<input type=\"hidden\" name=\"_wpcf7_container_post\" value=\"0\" \/>\n<input type=\"hidden\" name=\"_wpcf7_posted_data_hash\" value=\"\" \/>\n<\/div>\n<div class=\"form-flat\">\n\t<p><div class=\"row\"  id=\"row-652624288\">\n\t<\/p>\n\t<p>\n\t<div id=\"col-1932404623\" class=\"col medium-6 small-12 large-6\"  >\n\t\t\t\t<div class=\"col-inner\"  >\n\t\t\t\n\t\t\t<br \/>\n<span class=\"wpcf7-form-control-wrap\" data-name=\"your-name\"><input size=\"40\" maxlength=\"400\" class=\"wpcf7-form-control wpcf7-text wpcf7-validates-as-required\" aria-required=\"true\" aria-invalid=\"false\" placeholder=\"Vorname\" value=\"\" type=\"text\" name=\"your-name\" \/><\/span><span class=\"wpcf7-form-control-wrap\" data-name=\"your-email\"><input size=\"40\" maxlength=\"400\" class=\"wpcf7-form-control wpcf7-email wpcf7-validates-as-required wpcf7-text wpcf7-validates-as-email\" aria-required=\"true\" aria-invalid=\"false\" placeholder=\"E-Mailadresse\" value=\"\" type=\"email\" name=\"your-email\" \/><\/span><br \/>\n\t\t<\/div>\n\t\t\t\t\t<\/div>\n\n\t<br \/>\n\n\t<div id=\"col-2109692979\" class=\"col medium-6 small-12 large-6\"  >\n\t\t\t\t<div class=\"col-inner\"  >\n\t\t\t\n\t\t\t<br \/>\n<span class=\"wpcf7-form-control-wrap\" data-name=\"Achternaam\"><input size=\"40\" maxlength=\"400\" class=\"wpcf7-form-control wpcf7-text wpcf7-validates-as-required\" aria-required=\"true\" aria-invalid=\"false\" placeholder=\"Name\" value=\"\" type=\"text\" name=\"Achternaam\" \/><\/span><span class=\"wpcf7-form-control-wrap\" data-name=\"Telefoonnummer\"><input size=\"40\" maxlength=\"400\" class=\"wpcf7-form-control wpcf7-tel wpcf7-validates-as-required wpcf7-text wpcf7-validates-as-tel\" aria-required=\"true\" aria-invalid=\"false\" placeholder=\"Telefonnummer\" value=\"\" type=\"tel\" name=\"Telefoonnummer\" \/><\/span><br \/>\n\t\t<\/div>\n\t\t\t\t\t<\/div>\n\n\t<br \/>\n\n\t<div id=\"col-1915270790\" class=\"col medium-12 small-12 large-12\"  >\n\t\t\t\t<div class=\"col-inner\"  >\n\t\t\t\n\t\t\t<br \/>\n<span class=\"wpcf7-form-control-wrap\" data-name=\"your-subject\"><input size=\"40\" maxlength=\"400\" class=\"wpcf7-form-control wpcf7-text\" aria-invalid=\"false\" placeholder=\"Dein Anliegen\" value=\"\" type=\"text\" name=\"your-subject\" \/><\/span><br \/>\n<span class=\"wpcf7-form-control-wrap\" data-name=\"bericht\"><textarea cols=\"40\" rows=\"10\" maxlength=\"2000\" class=\"wpcf7-form-control wpcf7-textarea wpcf7-validates-as-required\" aria-required=\"true\" aria-invalid=\"false\" placeholder=\"Deine Nachricht an uns\" name=\"bericht\"><\/textarea><\/span><br \/>\n\t\t<\/div>\n\t\t\t\t\t<\/div>\n\n\t<br \/>\n<\/div><br \/>\n<span class=\"wpcf7-form-control-wrap\" data-name=\"capital-quiz\"><label><span class=\"wpcf7-quiz-label\">Anti Spam Frage: Welche Zahl ist gr\u00f6\u00dfer; 2 oder 8?<\/span> <input size=\"40\" class=\"wpcf7-form-control wpcf7-quiz\" autocomplete=\"off\" aria-required=\"true\" aria-invalid=\"false\" type=\"text\" name=\"capital-quiz\" \/><\/label><input type=\"hidden\" name=\"_wpcf7_quiz_answer_capital-quiz\" value=\"952068606be838562070538e15597b52\" \/><\/span><br \/>\n<span id=\"wpcf7-69f1703b6e774-wrapper\" class=\"wpcf7-form-control-wrap nep-email-du-wrap\" style=\"display:none !important; visibility:hidden !important;\"><label for=\"wpcf7-69f1703b6e774-field\" class=\"hp-message\">Please leave this field empty.<\/label><input id=\"wpcf7-69f1703b6e774-field\"  class=\"wpcf7-form-control wpcf7-text\" type=\"text\" name=\"nep-email-du\" value=\"\" size=\"40\" tabindex=\"-1\" autocomplete=\"new-password\" \/><\/span><br \/>\n<input class=\"wpcf7-form-control wpcf7-submit has-spinner button\" type=\"submit\" value=\"Senden\" \/>\n\t<\/p>\n<\/div><p style=\"display: none !important;\" class=\"akismet-fields-container\" data-prefix=\"_wpcf7_ak_\"><label>&#916;<textarea name=\"_wpcf7_ak_hp_textarea\" cols=\"45\" rows=\"8\" maxlength=\"100\"><\/textarea><\/label><input type=\"hidden\" id=\"ak_js_1\" name=\"_wpcf7_ak_js\" value=\"131\"\/><script>document.getElementById( \"ak_js_1\" ).setAttribute( \"value\", ( new Date() ).getTime() );<\/script><\/p><div class=\"wpcf7-response-output\" aria-hidden=\"true\"><\/div>\n<\/form>\n<\/div>\n\n\t\t<\/div>\n\t\t\t\t\t<\/div>\n\n\t\n<\/div>\n\t\t<\/div>\n\t\t\t\t\t<\/div>\n\n\t\n<\/div>\n\t\t<\/div>\n\t\t\t\t\t<\/div>\n\n\t\n<\/div>\n\t\t<\/div>\n\n\t\t\n<style>\n#section_1516697492 {\n  padding-top: 30px;\n  padding-bottom: 30px;\n  margin-bottom: -30px;\n}\n<\/style>\n\t<\/section>\n\t\n\n\t<section class=\"section\" id=\"section_1370185860\">\n\t\t<div class=\"section-bg fill\" >\n\t\t\t\t\t\t\t\t\t\n\t\t\t\n\n\t\t<\/div>\n\n\t\t\n\n\t\t<div class=\"section-content relative\">\n\t\t\t\n<div class=\"row\"  id=\"row-1121165380\">\n\n\t<div id=\"col-2010213855\" class=\"col small-12 large-12\"  >\n\t\t\t\t<div class=\"col-inner\"  >\n\t\t\t\n\t\t\t\n<span class=\"scroll-to\" data-label=\"Scroll to: #FAQ\" data-bullet=\"false\" data-link=\"#FAQ\" data-title=\"FAQ\" ><a name=\"FAQ\"><\/a><\/span>\n<div class=\"container section-title-container\" style=\"margin-top:30px;\"><h3 class=\"section-title section-title-center\"><b><\/b><span class=\"section-title-main\" style=\"color:rgb(210, 33, 39);\">H\u00e4ufig gestellte Fragen<\/span><b><\/b><\/h3><\/div>\n<p>Fast jeder hat Fragen bevor er aus einem Flugzeug springt. Viele Fragen erreichen uns regelm\u00e4\u00dfig immer wieder. Der Einfachheit halber findest du diese Fragen \u00fcbersichtlich geordnet und die Antworten dazu auf unserer &#8218;<a href=\"http:\/\/www.skydive-ameland.nl\/faq-veel-gestelde-parachutespring-vragen\/\">h\u00e4ufig gestellte Fragen Seite<\/a>.<\/p>\n\t\t<\/div>\n\t\t\t\t\t<\/div>\n\n\t\n<\/div>\n<div class=\"row\"  id=\"row-2108959695\">\n\n\t<div id=\"col-276841014\" class=\"col medium-4 small-12 large-4\"  >\n\t\t\t\t<div class=\"col-inner\"  >\n\t\t\t\n\t\t\t\n<div class=\"row\"  id=\"row-663329735\">\n\n\t<div id=\"col-1782813997\" class=\"col small-12 large-12\"  >\n\t\t\t\t<div class=\"col-inner\"  >\n\t\t\t\n\t\t\t\n<div class=\"container section-title-container\" ><h3 class=\"section-title section-title-normal\"><b><\/b><span class=\"section-title-main\" >Allgemein<\/span><b><\/b><\/h3><\/div>\r\n\r\n<div class=\"row\"  id=\"row-1311194221\">\r\n\r\n\n\t<div id=\"col-669942473\" class=\"col small-12 large-12\"  >\n\t\t\t\t<div class=\"col-inner\"  >\n\t\t\t\n\t\t\t\r\n\r\n<div class=\"accordion\">\r\n\r\n\t<div id=\"accordion-103052262\" class=\"accordion-item\">\n\t\t<a id=\"accordion-103052262-label\" class=\"accordion-title plain\" href=\"#accordion-item-wisst-ihr-wie-das-wetter-wird-an-meinem-sprungtag?\" aria-expanded=\"false\" aria-controls=\"accordion-103052262-content\" >\n\t\t\t<button class=\"toggle\" aria-label=\"Umschalten\"><i class=\"icon-angle-down\"><\/i><\/button>\n\t\t\t<span>Wisst ihr wie das Wetter wird an meinem Sprungtag?<\/span>\n\t\t<\/a>\n\t\t<div id=\"accordion-103052262-content\" class=\"accordion-inner\" aria-labelledby=\"accordion-103052262-label\" >\n\t\t\t\r\n\r\nWir w\u00fcrden es gerne mit Sicherheit vorhersagen k\u00f6nnen, aber leider gelingt uns das nicht.\r\n\r\nNat\u00fcrlich tun wir unser Bestes und nutzen wir alle Quellen die uns zur Verf\u00fcgung stehen, um eine so exakt wie m\u00f6gliche Einsch\u00e4tzung zu machen wie sich das Wetter entwickelt. Durch seine Lage zwischen Watten- und Nordsee hat Ameland sein ganz eigenes Wetter, welches sich durch den Einfluss der See schnell \u00e4ndern kann..\r\n\r\nDeshalb bitten wir unsere G\u00e4ste, bevor sie sich auf den, manchmal auch l\u00e4ngeren, Weg zu uns machen, kurz anzurufen und zu erkundigen wie das Wetter ist und ob wir erwarten springen zu k\u00f6nnen.\r\n\r\n\t\t<\/div>\n\t<\/div>\n\t\r\n\t<div id=\"accordion-2093169622\" class=\"accordion-item\">\n\t\t<a id=\"accordion-2093169622-label\" class=\"accordion-title plain\" href=\"#accordion-item-wann-kann-man-nicht-springen?\" aria-expanded=\"false\" aria-controls=\"accordion-2093169622-content\" >\n\t\t\t<button class=\"toggle\" aria-label=\"Umschalten\"><i class=\"icon-angle-down\"><\/i><\/button>\n\t\t\t<span>Wann kann man nicht springen?<\/span>\n\t\t<\/a>\n\t\t<div id=\"accordion-2093169622-content\" class=\"accordion-inner\" aria-labelledby=\"accordion-2093169622-label\" >\n\t\t\t\r\n\r\nTiefh\u00e4ngende Bew\u00f6lkung, starker Wind und Regen oder eine Kombination verhindern, dass wir starten k\u00f6nnen. Fallschirmspringe sind dann leider nicht m\u00f6glich.\r\n\r\nNimm am Sprungtag telefonisch Kontakt zu uns auf und erkundige dich bei uns nach dem Wetter an diesem Tag.\r\n\r\n\t\t<\/div>\n\t<\/div>\n\t\r\n\t<div id=\"accordion-89396434\" class=\"accordion-item\">\n\t\t<a id=\"accordion-89396434-label\" class=\"accordion-title plain\" href=\"#accordion-item-welches-ist-die-beste-jahreszeit-zum-fallschirmspringen?\" aria-expanded=\"false\" aria-controls=\"accordion-89396434-content\" >\n\t\t\t<button class=\"toggle\" aria-label=\"Umschalten\"><i class=\"icon-angle-down\"><\/i><\/button>\n\t\t\t<span>Welches ist die beste Jahreszeit zum Fallschirmspringen?<\/span>\n\t\t<\/a>\n\t\t<div id=\"accordion-89396434-content\" class=\"accordion-inner\" aria-labelledby=\"accordion-89396434-label\" >\n\t\t\t\r\n\r\nFallschirmspringen ist immer fantastisch und jede Jahreszeit hat ihre eigene Sch\u00f6nheit..\r\n\r\nDer eine findet es fantastisch mit 200 km\/h durch die Wolken zu fallen und ein anderer erfreut sich am Sonnenlicht, welches sich spiegelt auf dem Watt bei blauem Himmel.\r\n\r\nDie meisten G\u00e4ste bevorzugen eine angenehme Temperatur, die auf Ameland vorzugsweise vor allem im Sommer herrscht.\r\n\r\n\t\t<\/div>\n\t<\/div>\n\t\r\n\t<div id=\"accordion-2288017202\" class=\"accordion-item\">\n\t\t<a id=\"accordion-2288017202-label\" class=\"accordion-title plain\" href=\"#accordion-item-darf-ich-springen-wenn-ich-mehr-als-95-kg-wiege?\" aria-expanded=\"false\" aria-controls=\"accordion-2288017202-content\" >\n\t\t\t<button class=\"toggle\" aria-label=\"Umschalten\"><i class=\"icon-angle-down\"><\/i><\/button>\n\t\t\t<span>Darf ich springen wenn ich mehr als 95 kg wiege?<\/span>\n\t\t<\/a>\n\t\t<div id=\"accordion-2288017202-content\" class=\"accordion-inner\" aria-labelledby=\"accordion-2288017202-label\" >\n\t\t\t\r\n\r\nDas ist von einigen Faktoren abh\u00e4ngig:\r\n<ul>\r\n \t<li>Am Sprungtag muss gen\u00fcgen Wind stehen.<\/li>\r\n \t<li>Der Passagier muss unbedingt genug Muskelmasse in den Beinen besitzen um bei der Landung die Beine 10 Sekunden anheben zu k\u00f6nnen.<\/li>\r\n \t<li>Am Sprungtag muss ein Instrukteur anwesend sein, der fysisch in der Lage ist, das extra Gewicht zu tragen.\u00ad\u00ad\u00ad\u00ad\u00ad\u00ad\u00ad\u00ad\u00ad\u00ad\u00ad\u00ad\u00ad\u00ad\u00ad\u00ad\u00ad<\/li>\r\n<\/ul>\r\nWenn du zweifelst ob du mit deiner k\u00f6rperlichen Konstitution springen kannst, <a href=\"https:\/\/www.skydive-ameland.nl\/de\/kontakt\/\">nimm dann Kontakt zu uns auf<\/a> um die M\u00f6glichkeiten zusammen zu besprechen.\r\n\r\nAn dieser Stelle weisen wir darauf hin ,dass eine telefonische Beratung keine Garantie ist, dass der Sprung auch wirklich stattfinden kann.\r\n\r\n\t\t<\/div>\n\t<\/div>\n\t\r\n\t<div id=\"accordion-3028891372\" class=\"accordion-item\">\n\t\t<a id=\"accordion-3028891372-label\" class=\"accordion-title plain\" href=\"#accordion-item-kann-ich-meine-brille\/-kontaktlinsen-tragen-w\u00e4hrend-des-sprunges?\" aria-expanded=\"false\" aria-controls=\"accordion-3028891372-content\" >\n\t\t\t<button class=\"toggle\" aria-label=\"Umschalten\"><i class=\"icon-angle-down\"><\/i><\/button>\n\t\t\t<span>Kann ich meine Brille\/ Kontaktlinsen tragen w\u00e4hrend des Sprunges?<\/span>\n\t\t<\/a>\n\t\t<div id=\"accordion-3028891372-content\" class=\"accordion-inner\" aria-labelledby=\"accordion-3028891372-label\" >\n\t\t\t\r\n\r\nSpr\u00fcnge mit Brille oder Kontaktlinsen sind durchaus m\u00f6glich, aber das Risiko liegt beim Gast.\r\n\r\nWir teilen spezielle Sprungbrillen, Goggles genannt, an Brillen- oder Kontaktlinsentr\u00e4ger aus, die \u00fcber die Brille aufgesetzt wird. Die Chance besteht, dass diese Sprungbrille von der Nase geweht wird beim Sprung. Daran sind nun einmal die Kr\u00e4fte die wirken Schuld und wir k\u00f6nnen das nicht vorhersehen.\r\n\r\n\t\t<\/div>\n\t<\/div>\n\t\r\n\t<div id=\"accordion-1313832279\" class=\"accordion-item\">\n\t\t<a id=\"accordion-1313832279-label\" class=\"accordion-title plain\" href=\"#accordion-item-aber-ich-habe-h\u00f6henangst...?!\" aria-expanded=\"false\" aria-controls=\"accordion-1313832279-content\" >\n\t\t\t<button class=\"toggle\" aria-label=\"Umschalten\"><i class=\"icon-angle-down\"><\/i><\/button>\n\t\t\t<span>Aber ich habe H\u00f6henangst...?!<\/span>\n\t\t<\/a>\n\t\t<div id=\"accordion-1313832279-content\" class=\"accordion-inner\" aria-labelledby=\"accordion-1313832279-label\" >\n\t\t\t\r\n\r\nMan k\u00f6nnte glatt meinen, dies w\u00e4re ein Grund, nicht zu springen, Aber das ist ganz und gar nicht so. Da du keinen Kontakt zum Boden hast, empfindest du die H\u00f6he ganz anders und hat dein Gehirn keinen wirklichen Referenzrahmen zur H\u00f6he in der du dich befindest. Es ist nur spannend und neu und aufregend.\r\n\r\nSogar einer unsere Instrukeure leidet an H\u00f6henangst und springt trotzdem jeden Tag mit breitem Grinsen aus dem Flugzeug.\r\n\r\nHast du also H\u00f6henangst?? Kein Problem!\r\n\r\n\t\t<\/div>\n\t<\/div>\n\t\r\n\t<div id=\"accordion-3935461137\" class=\"accordion-item\">\n\t\t<a id=\"accordion-3935461137-label\" class=\"accordion-title plain\" href=\"#accordion-item-brauche-ich-ein-\u00e4rztliches-attest?\" aria-expanded=\"false\" aria-controls=\"accordion-3935461137-content\" >\n\t\t\t<button class=\"toggle\" aria-label=\"Umschalten\"><i class=\"icon-angle-down\"><\/i><\/button>\n\t\t\t<span>Brauche ich ein \u00e4rztliches Attest?<\/span>\n\t\t<\/a>\n\t\t<div id=\"accordion-3935461137-content\" class=\"accordion-inner\" aria-labelledby=\"accordion-3935461137-label\" >\n\t\t\t\r\n\r\nNein. F\u00fcr einen Tandemsprung brauchst du keine Tauglichkeitserkl\u00e4rung eines Arztes vorzulegen.\r\n\r\nM\u00f6chtest du einen Kurs oder eine Ausbildung machen, muss dir ein Arzt deine Fitness bescheinigen.\r\n\r\n\t\t<\/div>\n\t<\/div>\n\t\r\n\t<div id=\"accordion-1030746799\" class=\"accordion-item\">\n\t\t<a id=\"accordion-1030746799-label\" class=\"accordion-title plain\" href=\"#accordion-item-ist-fallschirmspringen-gef\u00e4hrlich?\" aria-expanded=\"false\" aria-controls=\"accordion-1030746799-content\" >\n\t\t\t<button class=\"toggle\" aria-label=\"Umschalten\"><i class=\"icon-angle-down\"><\/i><\/button>\n\t\t\t<span>Ist Fallschirmspringen gef\u00e4hrlich?<\/span>\n\t\t<\/a>\n\t\t<div id=\"accordion-1030746799-content\" class=\"accordion-inner\" aria-labelledby=\"accordion-1030746799-label\" >\n\t\t\t\r\n\r\nNicht gef\u00e4hrlicher als die Fahrt zum Flughafen.\r\n\r\n\u00dcber M\u00f6gliche Gefahren und Risikos wirst du vorab informiert, z.B. welche Kleidung und Schuhe du tragen sollst.\r\n\r\n\t\t<\/div>\n\t<\/div>\n\t\r\n\t<div id=\"accordion-3911651298\" class=\"accordion-item\">\n\t\t<a id=\"accordion-3911651298-label\" class=\"accordion-title plain\" href=\"#accordion-item-ist-skydive-ameland-angeschlossen-bei-einer-nationalen-organisation?\" aria-expanded=\"false\" aria-controls=\"accordion-3911651298-content\" >\n\t\t\t<button class=\"toggle\" aria-label=\"Umschalten\"><i class=\"icon-angle-down\"><\/i><\/button>\n\t\t\t<span>Ist Skydive Ameland angeschlossen bei einer nationalen Organisation?<\/span>\n\t\t<\/a>\n\t\t<div id=\"accordion-3911651298-content\" class=\"accordion-inner\" aria-labelledby=\"accordion-3911651298-label\" >\n\t\t\t\r\n\r\nJa. Skydive Ameland is angeschlossen bei <a href=\"http:\/\/www.knvvl.nl\/afdelingen\/parachutespringen\/\" target=\"_blank\" rel=\"noopener\">Koninklijke Nederlandse Vereniging voor Luchtvaart (KNVvL)<\/a>.\r\n\r\nAlle unsere Lehrer sind im Besitz der geforderten Diplome und Befugnisse von KNVvL.\r\n\r\n\t<div id=\"accordion-4249055190\" class=\"accordion-item\">\n\t\t<a id=\"accordion-4249055190-label\" class=\"accordion-title plain\" href=\"#accordion-item-darf-mein-hund-mit?\" aria-expanded=\"false\" aria-controls=\"accordion-4249055190-content\" >\n\t\t\t<button class=\"toggle\" aria-label=\"Umschalten\"><i class=\"icon-angle-down\"><\/i><\/button>\n\t\t\t<span>Darf mein Hund mit?<\/span>\n\t\t<\/a>\n\t\t<div id=\"accordion-4249055190-content\" class=\"accordion-inner\" aria-labelledby=\"accordion-4249055190-label\" >\n\t\t\t\t\t<\/div>\n\t<\/div>\n\t\r\n\r\nDein Vierpfoter ist bei uns herzlich willkommen. Sein Herrchen oder Frauchen beachtet bitte unser Hausregeln:\r\n<ul>\r\n \t<li>Der Hund ist immer an der Leine zu f\u00fchren.<\/li>\r\n \t<li>Du, oder eine andere Person, bist immer in der N\u00e4he deines Hundes und passt auf ihn auf.<\/li>\r\n \t<li>'Grosse Gesch\u00e4fte' werden selbstverst\u00e4ndlich von dir aufger\u00e4umt.<\/li>\r\n<\/ul>\r\nDankesch\u00f6n.\r\n\r\n\t\t<\/div>\n\t<\/div>\n\t\r\n\r\n<\/div>\r\n\r\n\t\t<\/div>\n\t\t\t\t\t<\/div>\n\n\t\r\n\r\n<\/div>\n\t\t<\/div>\n\t\t\t\t\t<\/div>\n\n\t\n<\/div>\n\t\t<\/div>\n\t\t\t\t\t<\/div>\n\n\t\n\n\t<div id=\"col-1063959219\" class=\"col medium-4 small-12 large-4\"  >\n\t\t\t\t<div class=\"col-inner\"  >\n\t\t\t\n\t\t\t\n<div class=\"row\"  id=\"row-1080799898\">\n\n\t<div id=\"col-1059378724\" class=\"col small-12 large-12\"  >\n\t\t\t\t<div class=\"col-inner\"  >\n\t\t\t\n\t\t\t\n<div class=\"container section-title-container\" ><h3 class=\"section-title section-title-normal\"><b><\/b><span class=\"section-title-main\" >Standort<\/span><b><\/b><\/h3><\/div>\r\n\r\n<div class=\"row\"  id=\"row-1753570699\">\r\n\r\n\n\t<div id=\"col-335345453\" class=\"col small-12 large-12\"  >\n\t\t\t\t<div class=\"col-inner\"  >\n\t\t\t\n\t\t\t\r\n\r\n<div class=\"accordion\">\r\n\r\n\t<div id=\"accordion-2310746157\" class=\"accordion-item\">\n\t\t<a id=\"accordion-2310746157-label\" class=\"accordion-title plain\" href=\"#accordion-item-was-ist-die-adresse-von-skydive-ameland?\" aria-expanded=\"false\" aria-controls=\"accordion-2310746157-content\" >\n\t\t\t<button class=\"toggle\" aria-label=\"Umschalten\"><i class=\"icon-angle-down\"><\/i><\/button>\n\t\t\t<span>Was ist die Adresse von Skydive Ameland?<\/span>\n\t\t<\/a>\n\t\t<div id=\"accordion-2310746157-content\" class=\"accordion-inner\" aria-labelledby=\"accordion-2310746157-label\" >\n\t\t\t\r\n\r\n<strong>Skydive Ameland BV<\/strong>\r\nStrandweg 21\r\n9162 EV Ballum\r\n\r\nTel: +31 (0) 519 \u2013 55 48 80\r\n<a href=\"mailto:info@skydive-ameland.nl\">info@skydive-ameland.nl<\/a>\r\n\r\n\n\t<script type=\"text\/javascript\">\n  jQuery( document ).ready(function() {\n    function initialize() {\n        var styles = {\n            'flatsome':  [{\n            \"featureType\": \"administrative\",\n            \"stylers\": [\n              { \"visibility\": \"on\" }\n            ]\n          },\n          {\n            \"featureType\": \"road\",\n            \"stylers\": [\n              { \"visibility\": \"on\" },\n              { \"hue\": \"\" }\n            ]\n          },\n          {\n            \"stylers\": [\n\t\t\t  { \"visibility\": \"on\" },\n\t\t\t  { \"hue\": \"\" },\n\t\t\t  { \"saturation\": 0 }\n            ]\n          }\n        ]};\n\n        var myLatlng = new google.maps.LatLng(53.448364, 5.685664);\n        var myOptions = {\n            zoom: 7,\n            center: myLatlng,\n            mapTypeId: google.maps.MapTypeId.ROADMAP,\n            disableDefaultUI: true,\n            mapTypeId: 'flatsome',\n            draggable: true,\n            zoomControl: true,\n            zoomControlOptions: {\n              position: google.maps.ControlPosition.TOP_LEFT\n            },\n      \t\t\tmapTypeControl: true,\n            mapTypeControlOptions: {\n              position: google.maps.ControlPosition.TOP_LEFT\n            },\n      \t\t\tstreetViewControl: true,\n            streetViewControlOptions: {\n              position: google.maps.ControlPosition.TOP_LEFT\n            },\n            scrollwheel: false,\n            disableDoubleClickZoom: true\n        }\n        var map = new google.maps.Map(document.getElementById(\"map-1890252390-inner\"), myOptions);\n        var styledMapType = new google.maps.StyledMapType(styles['flatsome'], {name: 'flatsome'});\n        map.mapTypes.set('flatsome', styledMapType);\n\n        var marker = new google.maps.Marker({\n            position: myLatlng,\n            map: map,\n            title:\"\"\n        });\n    }\n\n    \/\/ Required to proceed\n    if (!(typeof google === 'object' && typeof google.maps === 'object')) {\n      return\n    }\n\n    initialize()\n    google.maps.event.addDomListener(window, 'resize', initialize);\n    });\n    <\/script>\n\n    <div class=\"google-map relative mb\" id=\"map-1890252390\">\n        <div class=\"map-height\" id=\"map-1890252390-inner\"><\/div>\n        <div id=\"map_overlay_top\"><\/div>\n        <div id=\"map_overlay_bottom\"><\/div>\n                  <div class=\"map_inner map-inner last-reset absolute x100 md-x95 lg-x95 y100 md-y95 lg-y95\">\n              \r\n<p style=\"text-align: center;\"><a href=\"https:\/\/www.google.com\/maps\/dir\/Current+Location\/skydive+ameland+ballum+nederland\" target=\"_blank\" rel=\"noopener\">\u00d6ffnen in Google Maps<\/a><\/p>\r\n         <\/div>\n       \n       \n<style>\n#map-1890252390 .map-inner {\n  background-color: rgb(255, 255, 255);\n  max-width: 100%;\n}\n#map-1890252390 .map-height {\n  height: 400px;\n}\n@media (min-width:550px) {\n  #map-1890252390 .map-inner {\n    max-width: 40%;\n  }\n}\n@media (min-width:850px) {\n  #map-1890252390 .map-inner {\n    max-width: 30%;\n  }\n}\n<\/style>\n    <\/div>\n\n\t\r\n\r\n\t\t<\/div>\n\t<\/div>\n\t\r\n\t<div id=\"accordion-2484950323\" class=\"accordion-item\">\n\t\t<a id=\"accordion-2484950323-label\" class=\"accordion-title plain\" href=\"#accordion-item-wie-funktioniert-das-reisen-mit-dem-wagenborg-f\u00e4hrdienst?\" aria-expanded=\"false\" aria-controls=\"accordion-2484950323-content\" >\n\t\t\t<button class=\"toggle\" aria-label=\"Umschalten\"><i class=\"icon-angle-down\"><\/i><\/button>\n\t\t\t<span>Wie funktioniert das Reisen mit dem Wagenborg F\u00e4hrdienst?<\/span>\n\t\t<\/a>\n\t\t<div id=\"accordion-2484950323-content\" class=\"accordion-inner\" aria-labelledby=\"accordion-2484950323-label\" >\n\t\t\t\r\n\r\nAktuelle Informationen findest du auf den Webseiten <a href=\"http:\/\/www.wpd.nl\" target=\"_blank\" rel=\"noopener\">www.wpd.nl<\/a> of <a href=\"http:\/\/www.bestellen.wpd.nl\" target=\"_blank\" rel=\"noopener\">www.bestellen.wpd.nl<\/a>\r\n\r\n\t\t<\/div>\n\t<\/div>\n\t\r\n\t<div id=\"accordion-2598448141\" class=\"accordion-item\">\n\t\t<a id=\"accordion-2598448141-label\" class=\"accordion-title plain\" href=\"#accordion-item-wie-erreiche-ich-holwerd-mit-\u00d6vm?\" aria-expanded=\"false\" aria-controls=\"accordion-2598448141-content\" >\n\t\t\t<button class=\"toggle\" aria-label=\"Umschalten\"><i class=\"icon-angle-down\"><\/i><\/button>\n\t\t\t<span>Wie erreiche ich Holwerd mit \u00d6VM?<\/span>\n\t\t<\/a>\n\t\t<div id=\"accordion-2598448141-content\" class=\"accordion-inner\" aria-labelledby=\"accordion-2598448141-label\" >\n\t\t\t\r\n\r\nBesuche die Webseite <a href=\"http:\/\/www.9292.nl\" target=\"_blank\" rel=\"noopener\">www.9292.nl<\/a> und gib als Bestimmung Veerdam, Holwerd an.\r\n\r\n\t\t<\/div>\n\t<\/div>\n\t\r\n\t<div id=\"accordion-2489364828\" class=\"accordion-item\">\n\t\t<a id=\"accordion-2489364828-label\" class=\"accordion-title plain\" href=\"#accordion-item-wie-erreiche-ich-skydive-ameland-von-der-f\u00e4hre-aus?\" aria-expanded=\"false\" aria-controls=\"accordion-2489364828-content\" >\n\t\t\t<button class=\"toggle\" aria-label=\"Umschalten\"><i class=\"icon-angle-down\"><\/i><\/button>\n\t\t\t<span>Wie erreiche ich Skydive Ameland von der F\u00e4hre aus?<\/span>\n\t\t<\/a>\n\t\t<div id=\"accordion-2489364828-content\" class=\"accordion-inner\" aria-labelledby=\"accordion-2489364828-label\" >\n\t\t\t\r\n\r\nEntweder steigst du in den Bus (informiere den Busfahrer, das du zum Flughafen m\u00f6chtest) oder du f\u00e4hrst mit dem Taxi. Du kannst auch ein Fahrrad mieten. Bedenke, das du mit Fahrrad l\u00e4nger unterwegs bist bis zum Paracentrum Ameland.\r\n\r\n\t\t<\/div>\n\t<\/div>\n\t\r\n\t<div id=\"accordion-1875092160\" class=\"accordion-item\">\n\t\t<a id=\"accordion-1875092160-label\" class=\"accordion-title plain\" href=\"#accordion-item-welche-\u00dcbernachtungsm\u00f6glichkeiten-empfehlt-ihr?\" aria-expanded=\"false\" aria-controls=\"accordion-1875092160-content\" >\n\t\t\t<button class=\"toggle\" aria-label=\"Umschalten\"><i class=\"icon-angle-down\"><\/i><\/button>\n\t\t\t<span>Welche \u00dcbernachtungsm\u00f6glichkeiten empfehlt ihr?<\/span>\n\t\t<\/a>\n\t\t<div id=\"accordion-1875092160-content\" class=\"accordion-inner\" aria-labelledby=\"accordion-1875092160-label\" >\n\t\t\t\r\n\r\nAmeland ist eine echte Urlaubsinsel. Es gibt insgesamt 4 D\u00f6rfer auf Ameland und reichlich \u00dcbernachtungsm\u00f6glichkeiten f\u00fcr jedes Budget.\r\n\r\nWenn du so nahe wie m\u00f6glich in der N\u00e4he des Flughafen \u00fcbernachten m\u00f6chtest, k\u00f6nnen wir Hotel Nobel <a href=\"http:\/\/www.hotelnobel.nl\" target=\"_blank\" rel=\"noopener\">www.hotelnobel.nl,<\/a> (auch bekannt als het Nobeltje) empfehlen.\r\n\r\nLieber schlafen und tr\u00e4umen in der N\u00e4he des Leuchtturms? Buch dann bei Qurios Ameland <a href=\"http:\/\/www.qurios.nl\/vakantiepark-ameland\/\" target=\"_blank\" rel=\"noopener\">www.qurios.nl\/vakantiepark-ameland\/<\/a>\r\n\r\nOder du befragst Google nach den M\u00f6glichkeiten. Es ist f\u00fcr jeden etwas dabei.\r\n\r\n\/accordion-item]\r\n\t<div id=\"accordion-878140311\" class=\"accordion-item\">\n\t\t<a id=\"accordion-878140311-label\" class=\"accordion-title plain\" href=\"#accordion-item-was-gibt-es-denn-noch-mehr-zu-tun-auf-ameland?\" aria-expanded=\"false\" aria-controls=\"accordion-878140311-content\" >\n\t\t\t<button class=\"toggle\" aria-label=\"Umschalten\"><i class=\"icon-angle-down\"><\/i><\/button>\n\t\t\t<span>Was gibt es denn noch mehr zu tun auf Ameland?<\/span>\n\t\t<\/a>\n\t\t<div id=\"accordion-878140311-content\" class=\"accordion-inner\" aria-labelledby=\"accordion-878140311-label\" >\n\t\t\t\t\t<\/div>\n\t<\/div>\n\t\r\n\r\nAuf Ameland werden das ganze Jahr \u00fcber viele verschieden Aktivit\u00e4ten organisiert. Eine \u00dcbersicht findest du auf <a href=\"http:\/\/www.vvvameland.nl\" target=\"_blank\" rel=\"noopener\">www.vvvameland.nl<\/a>\r\n\r\n<strong>Unsere Tipps:<\/strong>\r\n<ul>\r\n \t<li><a href=\"http:\/\/www.kaasboerderijameland.nl\/\" target=\"_blank\" rel=\"noopener\">K\u00e4sebauernhof Ameland<\/a><\/li>\r\n \t<li><a href=\"https:\/\/www.amelanderhistorie.nl\/cultuur\/nobels-nostalgisch-museum\" target=\"_blank\" rel=\"noopener\">Nobels Nostalgisches Museum<\/a><\/li>\r\n \t<li><a href=\"https:\/\/www.vvvameland.nl\/zien-en-doen\/musea\/vuurtoren\" target=\"_blank\" rel=\"noopener\">Leuchtturm Ameland (Bornrif)<\/a><\/li>\r\n \t<li><a href=\"https:\/\/www.vvvameland.nl\/veelgestelde-vragen\/activiteiten-en-evenementen\/wanneer-vinden-de-demonstraties-van-de-paardenreddingboot-plaats\" target=\"_blank\" rel=\"noopener\">Pferderettungsboot<\/a><\/li>\r\n \t<li><a href=\"http:\/\/www.thesunset.nl\/nl\/index.html\" target=\"_blank\" rel=\"noopener\">Beachclub The Sunset<\/a><\/li>\r\n \t<li><a href=\"https:\/\/www.amelandadventure.nl\/\" target=\"_blank\" rel=\"noopener\">Ameland Abenteuer<\/a><\/li>\r\n \t<li><a href=\"https:\/\/www.paintball-ameland.nl\/\" target=\"_blank\" rel=\"noopener\">Paintball Ameland<\/a><\/li>\r\n \t<li><a href=\"https:\/\/robbentochtameland.nl\/nl\/robbentocht\/\" target=\"_blank\" rel=\"noopener\">Seehundentouren<\/a><\/li>\r\n \t<li><a href=\"http:\/\/www.cat-club-ameland.nl\/\" target=\"_blank\" rel=\"noopener\">Catamaran Club Ameland<\/a><\/li>\r\n \t<li><a href=\"http:\/\/strandexpress-ameland.nl\/\" target=\"_blank\" rel=\"noopener\">Strandexpress<\/a><\/li>\r\n \t<li><a href=\"http:\/\/www.rijstallecheval.nl\/\" target=\"_blank\" rel=\"noopener\">Rijstal Le Cheval<\/a><\/li>\r\n \t<li><a href=\"https:\/\/www.rijstaldeblinkert.nl\/\" target=\"_blank\" rel=\"noopener\">Manege de Blinkert<\/a><\/li>\r\n \t<li><a href=\"https:\/\/www.bodyshapeameland.com\/\" target=\"_blank\" rel=\"noopener\">Bodyshape Ameland<\/a><\/li>\r\n \t<li><a href=\"https:\/\/www.golfbaanameland.nl\/\" target=\"_blank\" rel=\"noopener\">Golfbahn Ameland<\/a><\/li>\r\n<\/ul>\r\n<a href=\"https:\/\/www.vvvameland.nl\/\" target=\"_blank\" class=\"button alert is-small\" rel=\"noopener\"  style=\"border-radius:99px;\">\n\t\t<span>www.vvvameland.nl<\/span>\n\t<\/a>\n\r\n\r\n\t\t<\/div>\n\t<\/div>\n\t\r\n\r\n<\/div>\r\n\r\n\t\t<\/div>\n\t\t\t\t\t<\/div>\n\n\t\r\n\r\n<\/div>\n\t\t<\/div>\n\t\t\t\t\t<\/div>\n\n\t\n<\/div>\n\t\t<\/div>\n\t\t\t\t\t<\/div>\n\n\t\n\n\t<div id=\"col-1982892619\" class=\"col medium-4 small-12 large-4\"  >\n\t\t\t\t<div class=\"col-inner\"  >\n\t\t\t\n\t\t\t\n<div class=\"row\"  id=\"row-1293708067\">\n\n\t<div id=\"col-84982350\" class=\"col small-12 large-12\"  >\n\t\t\t\t<div class=\"col-inner\"  >\n\t\t\t\n\t\t\t\n<div class=\"container section-title-container\" ><h3 class=\"section-title section-title-normal\"><b><\/b><span class=\"section-title-main\" >Tandemsprung<\/span><b><\/b><\/h3><\/div>\n\n<div class=\"row\"  id=\"row-2018152548\">\n\n\n\t<div id=\"col-193314206\" class=\"col small-12 large-12\"  >\n\t\t\t\t<div class=\"col-inner\"  >\n\t\t\t\n\t\t\t\n\n<div class=\"accordion\">\n\n\t<div id=\"accordion-1450533614\" class=\"accordion-item\">\n\t\t<a id=\"accordion-1450533614-label\" class=\"accordion-title plain\" href=\"#accordion-item-gibt-es-altersbeschr\u00e4nkungen-die-f\u00fcr-einen-tandemsprung-gelten?\" aria-expanded=\"false\" aria-controls=\"accordion-1450533614-content\" >\n\t\t\t<button class=\"toggle\" aria-label=\"Umschalten\"><i class=\"icon-angle-down\"><\/i><\/button>\n\t\t\t<span>Gibt es Altersbeschr\u00e4nkungen die f\u00fcr einen Tandemsprung gelten?<\/span>\n\t\t<\/a>\n\t\t<div id=\"accordion-1450533614-content\" class=\"accordion-inner\" aria-labelledby=\"accordion-1450533614-label\" >\n\t\t\t\n\n<p>Es gibt keine feste Regeln, aber wir stellen ein paar Fragen, um zu entscheiden, ob es m\u00f6glich ist, einen Tandemsprung zu machen:<\/p>\n<p><strong>Maximales Alter<\/strong>:<\/p>\n<ul>\n<li>Ist der Passagier in der Lage, seine\/ ihre Beine bei der Landung hochzuhalten?<\/li>\n<li>Ist der Passagier gebrechlich\/ kann er\/ sie einen kleinen Sto\u00df vertragen?<\/li>\n<\/ul>\n<p><strong>Minimales Alter<\/strong>:<\/p>\n<ul>\n<li>Passt der Passagier in den Harnas?<\/li>\n<li>Wei\u00df der Passagier was ein Tandemsprung ist?<\/li>\n<li>Will der Passagier (das Kind) wirklich selber springen oder wollen die Eltern das gerne?<\/li>\n<li>Bei Minderj\u00e4hrigen muss unbedingt ein Elternteil oder Erziehungsberechtigter anwesend sein um die Risikoerkl\u00e4rung zu unterschreiben.<\/li>\n<\/ul>\n<a href=\"https:\/\/www.skydive-ameland.nl\/wp-content\/uploads\/toestemming-verklaring-NL-DU-ENG-v2-.pdf\" target=\"_blank\" class=\"button alert is-small\" rel=\"noopener\"  style=\"border-radius:99px;\">\n\t\t<span>toestemming formulier minderjarigen<\/span>\n\t<\/a>\n\n\n\n\t\t<\/div>\n\t<\/div>\n\t\n\t<div id=\"accordion-3911021943\" class=\"accordion-item\">\n\t\t<a id=\"accordion-3911021943-label\" class=\"accordion-title plain\" href=\"#accordion-item-kann-ich-ohne-vorausbildung-einen-tandemsprung-machen?\" aria-expanded=\"false\" aria-controls=\"accordion-3911021943-content\" >\n\t\t\t<button class=\"toggle\" aria-label=\"Umschalten\"><i class=\"icon-angle-down\"><\/i><\/button>\n\t\t\t<span>Kann ich ohne Vorausbildung einen Tandemsprung machen?<\/span>\n\t\t<\/a>\n\t\t<div id=\"accordion-3911021943-content\" class=\"accordion-inner\" aria-labelledby=\"accordion-3911021943-label\" >\n\t\t\t\n\n<p>Ja, das geht. Du brauchst nur eine kurze Bodenunterweisung zu absolvieren.<\/p>\n<p>M\u00f6chtest du Solo Fallschirmspringen? Daf\u00fcr musst du einen Kurs absolvieren. Informiere dich unter der Rubrik Static Line Kurs \u00fcber den Ablauf der Ausbildung und die Voraussetzungen.<\/p>\n\n\t\t<\/div>\n\t<\/div>\n\t\n\t<div id=\"accordion-1159692353\" class=\"accordion-item\">\n\t\t<a id=\"accordion-1159692353-label\" class=\"accordion-title plain\" href=\"#accordion-item-was-muss-ich-mitnehmen-am-sprungtag?\" aria-expanded=\"false\" aria-controls=\"accordion-1159692353-content\" >\n\t\t\t<button class=\"toggle\" aria-label=\"Umschalten\"><i class=\"icon-angle-down\"><\/i><\/button>\n\t\t\t<span>Was muss ich mitnehmen am Sprungtag?<\/span>\n\t\t<\/a>\n\t\t<div id=\"accordion-1159692353-content\" class=\"accordion-inner\" aria-labelledby=\"accordion-1159692353-label\" >\n\t\t\t\n\n<p>Wenn du schon 18 Jahre alt bist, brauchst du eigentlich nur gute Laune, sch\u00f6nes Wetter und vielleicht ein paar Freunde oder Familienmitglieder mitzubringen, die dich anmutigen k\u00f6nnen und auf dich warten wenn du wieder gelandet bist.<\/p>\n<p>Bist noch nicht 18 Jahre alt, brauchst du sowieso einen Elternteil, der dich begleitet. Deine Eltern m\u00fcssen n\u00e4mlich f\u00fcr dich dei Risikoerkl\u00e4rung unterzeichnen.<\/p>\n<p>Wenn deine Eltern dir den Sprung erlauben, aber nicht anwesend sein k\u00f6nnen am Sprungtag, kannst du dir hier das Formular ausdrucken und unterschreiben lassen.<\/p>\n<a href=\"\/wp-content\/uploads\/Zustimmungsformular%20Eltern%20NL-v1.pdf\" target=\"_blank\" class=\"button alert is-small\" rel=\"noopener\"  style=\"border-radius:99px;\">\n\t\t<span>Zustimmungserkl\u00e4rung Formular f\u00fcr Minderj\u00e4hrige<\/span>\n\t<\/a>\n\n\n\n\t\t<\/div>\n\t<\/div>\n\t\n\t<div id=\"accordion-3714721619\" class=\"accordion-item\">\n\t\t<a id=\"accordion-3714721619-label\" class=\"accordion-title plain\" href=\"#accordion-item-was-ist-die-absprungh\u00f6he?\" aria-expanded=\"false\" aria-controls=\"accordion-3714721619-content\" >\n\t\t\t<button class=\"toggle\" aria-label=\"Umschalten\"><i class=\"icon-angle-down\"><\/i><\/button>\n\t\t\t<span>Was ist die Absprungh\u00f6he?<\/span>\n\t\t<\/a>\n\t\t<div id=\"accordion-3714721619-content\" class=\"accordion-inner\" aria-labelledby=\"accordion-3714721619-label\" >\n\t\t\t\n\n<p>Du verl\u00e4sst das Flugzeug in circa 3000 m H\u00f6he. Das ist ungef\u00e4hr gleich an 9 000 Fuss.<\/p>\n\n\t\t<\/div>\n\t<\/div>\n\t\n\t<div id=\"accordion-3148133981\" class=\"accordion-item\">\n\t\t<a id=\"accordion-3148133981-label\" class=\"accordion-title plain\" href=\"#accordion-item-wo-kann-ich-meine-pers\u00f6nlichen-sachen-verwahren-w\u00e4hrend-ich-in-der-luft-bin?\" aria-expanded=\"false\" aria-controls=\"accordion-3148133981-content\" >\n\t\t\t<button class=\"toggle\" aria-label=\"Umschalten\"><i class=\"icon-angle-down\"><\/i><\/button>\n\t\t\t<span>Wo kann ich meine pers\u00f6nlichen Sachen verwahren w\u00e4hrend ich in der Luft bin?<\/span>\n\t\t<\/a>\n\t\t<div id=\"accordion-3148133981-content\" class=\"accordion-inner\" aria-labelledby=\"accordion-3148133981-label\" >\n\t\t\t\n\n<p>Am praktischsten ist es, wenn du deine Sachen, Taschen etc, bei deiner Familie oder deinen Freunden l\u00e4\u00dft f\u00fcr die Dauer des Fluges. Ist das nicht m\u00f6glich haben wir einen Ort, deine Sachen kurzzeitig aufzubewahren.<\/p>\n\n\t\t<\/div>\n\t<\/div>\n\t\n\t<div id=\"accordion-4259671201\" class=\"accordion-item\">\n\t\t<a id=\"accordion-4259671201-label\" class=\"accordion-title plain\" href=\"#accordion-item-kann-ich-beim-freifall-eigentlich-noch-atmen?\" aria-expanded=\"false\" aria-controls=\"accordion-4259671201-content\" >\n\t\t\t<button class=\"toggle\" aria-label=\"Umschalten\"><i class=\"icon-angle-down\"><\/i><\/button>\n\t\t\t<span>Kann ich beim Freifall eigentlich noch atmen?<\/span>\n\t\t<\/a>\n\t\t<div id=\"accordion-4259671201-content\" class=\"accordion-inner\" aria-labelledby=\"accordion-4259671201-label\" >\n\t\t\t\n\n<p>Im freien Fall kannst du ganz normal atmen. Manchmal erf\u00e4hrst du es etwas schwieriger, aber das ist wohl der Anspannung geschuldet.<\/p>\n\n\t\t<\/div>\n\t<\/div>\n\t\n\t<div id=\"accordion-3306999291\" class=\"accordion-item\">\n\t\t<a id=\"accordion-3306999291-label\" class=\"accordion-title plain\" href=\"#accordion-item-wie-ist-die-temperatur-auf-absprungh\u00f6he?\" aria-expanded=\"false\" aria-controls=\"accordion-3306999291-content\" >\n\t\t\t<button class=\"toggle\" aria-label=\"Umschalten\"><i class=\"icon-angle-down\"><\/i><\/button>\n\t\t\t<span>Wie ist die Temperatur auf Absprungh\u00f6he?<\/span>\n\t\t<\/a>\n\t\t<div id=\"accordion-3306999291-content\" class=\"accordion-inner\" aria-labelledby=\"accordion-3306999291-label\" >\n\t\t\t\n\n<p>wetterabh\u00e4ngig ist die Temperatur k\u00e4lter oder w\u00e4rmer in 3 km H\u00f6he. Den Temperaturunterschied wirst du aber wahrscheinlich aufgrund des Adrenalins gar nicht wirklich bemerken.<\/p>\n\n\t\t<\/div>\n\t<\/div>\n\t\n\t<div id=\"accordion-1319039311\" class=\"accordion-item\">\n\t\t<a id=\"accordion-1319039311-label\" class=\"accordion-title plain\" href=\"#accordion-item-welche-geschwindigkeit-erreicht-man-im-freifall?\" aria-expanded=\"false\" aria-controls=\"accordion-1319039311-content\" >\n\t\t\t<button class=\"toggle\" aria-label=\"Umschalten\"><i class=\"icon-angle-down\"><\/i><\/button>\n\t\t\t<span>Welche Geschwindigkeit erreicht man im Freifall?<\/span>\n\t\t<\/a>\n\t\t<div id=\"accordion-1319039311-content\" class=\"accordion-inner\" aria-labelledby=\"accordion-1319039311-label\" >\n\t\t\t\n\n<p>Zwischen 180 und 200 km\/u. Ganz sch\u00f6n schnell also.<\/p>\n<p>Bist du Naturkunde interessiert willst du mehr wissen \u00fcber die Kr\u00e4fte die w\u00e4hrend des Fallschrimsprunges wirken? Schau dir dann gleich diesen <span style=\"text-decoration: underline;\"><a href=\"https:\/\/www.youtube.com\/watch?v=pr78Db9qqeI\" target=\"_blank\" rel=\"noopener noreferrer\">Youtube Clip an, worin alles erkl\u00e4rt wird.<\/a><\/span><\/p>\n\n\t\t<\/div>\n\t<\/div>\n\t\n\t<div id=\"accordion-618529594\" class=\"accordion-item\">\n\t\t<a id=\"accordion-618529594-label\" class=\"accordion-title plain\" href=\"#accordion-item-kann-ich-gleichzeitig-mit-familie\/-freunden-springen?\" aria-expanded=\"false\" aria-controls=\"accordion-618529594-content\" >\n\t\t\t<button class=\"toggle\" aria-label=\"Umschalten\"><i class=\"icon-angle-down\"><\/i><\/button>\n\t\t\t<span>Kann ich gleichzeitig mit Familie\/ Freunden springen?<\/span>\n\t\t<\/a>\n\t\t<div id=\"accordion-618529594-content\" class=\"accordion-inner\" aria-labelledby=\"accordion-618529594-label\" >\n\t\t\t\n\n<p>Im Flugzeug ist Platz f\u00fcr 5 Personen, vier Passagiere und der Pilot. Du kannst zusammen mit Freunden oder Familie reservieren und ihr k\u00f6nnt zusammen im Flugzeug sitzen.<\/p>\n<p>Seid ihr mehr als 4 Personen, dann versuchen wir die einzelnen Fl\u00fcge so kurz wie m\u00f6glich nacheinander zu planen, so k\u00f6nnt ihr die Landung gegenseitig beobachten auf dem Flugzeuggel\u00e4nde.<\/p>\n\n\t\t<\/div>\n\t<\/div>\n\t\n\t<div id=\"accordion-2531188824\" class=\"accordion-item\">\n\t\t<a id=\"accordion-2531188824-label\" class=\"accordion-title plain\" href=\"#accordion-item-wie-lange-dauert-es-bis-wir-uns-auf-absprungh\u00f6he-befinden?\" aria-expanded=\"false\" aria-controls=\"accordion-2531188824-content\" >\n\t\t\t<button class=\"toggle\" aria-label=\"Umschalten\"><i class=\"icon-angle-down\"><\/i><\/button>\n\t\t\t<span>Wie lange dauert es bis wir uns auf Absprungh\u00f6he befinden?<\/span>\n\t\t<\/a>\n\t\t<div id=\"accordion-2531188824-content\" class=\"accordion-inner\" aria-labelledby=\"accordion-2531188824-label\" >\n\t\t\t\n\n<p>Das dauert ungef\u00e4hr 20 Minuten. Du hast alle Zeit um die tolle Aussicht \u00fcber Ameland, der Wattensee und Nordsee zu genie\u00dfen.<\/p>\n\n\t\t<\/div>\n\t<\/div>\n\t\n\t<div id=\"accordion-4237581764\" class=\"accordion-item\">\n\t\t<a id=\"accordion-4237581764-label\" class=\"accordion-title plain\" href=\"#accordion-item-und-wie-lange-dauert-der-freie-fall?\" aria-expanded=\"false\" aria-controls=\"accordion-4237581764-content\" >\n\t\t\t<button class=\"toggle\" aria-label=\"Umschalten\"><i class=\"icon-angle-down\"><\/i><\/button>\n\t\t\t<span>Und wie lange dauert der freie Fall?<\/span>\n\t\t<\/a>\n\t\t<div id=\"accordion-4237581764-content\" class=\"accordion-inner\" aria-labelledby=\"accordion-4237581764-label\" >\n\t\t\t\n\n<p>Dein Gef\u00fchl wird dir sagen, dass es nur kurz dauert und im Nu vorbei ist, in Wirklichkeit aber dauert der freie Fall 30 Sekunden. Halte deinen Atem an und z\u00e4hle langsam bis 30 ...<\/p>\n\n\t\t<\/div>\n\t<\/div>\n\t\n\t<div id=\"accordion-4081120446\" class=\"accordion-item\">\n\t\t<a id=\"accordion-4081120446-label\" class=\"accordion-title plain\" href=\"#accordion-item-wie-lange-dauert-der-fallschirmflug?\" aria-expanded=\"false\" aria-controls=\"accordion-4081120446-content\" >\n\t\t\t<button class=\"toggle\" aria-label=\"Umschalten\"><i class=\"icon-angle-down\"><\/i><\/button>\n\t\t\t<span>Wie lange dauert der Fallschirmflug?<\/span>\n\t\t<\/a>\n\t\t<div id=\"accordion-4081120446-content\" class=\"accordion-inner\" aria-labelledby=\"accordion-4081120446-label\" >\n\t\t\t\n\n<p>Abh\u00e4ngig davon, wie viele Kurven ihr fliegt, dauert der Fallschirmflug \u00fcber Ameland im Durchschnitt 4 bis 5 Minuten.<\/p>\n\n\t\t<\/div>\n\t<\/div>\n\t\n\t<div id=\"accordion-907173919\" class=\"accordion-item\">\n\t\t<a id=\"accordion-907173919-label\" class=\"accordion-title plain\" href=\"#accordion-item-darf-ich-den-fallschirm-selbst-steuern?\" aria-expanded=\"false\" aria-controls=\"accordion-907173919-content\" >\n\t\t\t<button class=\"toggle\" aria-label=\"Umschalten\"><i class=\"icon-angle-down\"><\/i><\/button>\n\t\t\t<span>Darf ich den Fallschirm selbst steuern?<\/span>\n\t\t<\/a>\n\t\t<div id=\"accordion-907173919-content\" class=\"accordion-inner\" aria-labelledby=\"accordion-907173919-label\" >\n\t\t\t\n\n<p>In Absprache mit deinem Tandemmaster ist auch das m\u00f6glich.<\/p>\n\n\t\t<\/div>\n\t<\/div>\n\t\n\t<div id=\"accordion-3500659007\" class=\"accordion-item\">\n\t\t<a id=\"accordion-3500659007-label\" class=\"accordion-title plain\" href=\"#accordion-item-wie-ist-die-landung?\" aria-expanded=\"false\" aria-controls=\"accordion-3500659007-content\" >\n\t\t\t<button class=\"toggle\" aria-label=\"Umschalten\"><i class=\"icon-angle-down\"><\/i><\/button>\n\t\t\t<span>Wie ist die Landung?<\/span>\n\t\t<\/a>\n\t\t<div id=\"accordion-3500659007-content\" class=\"accordion-inner\" aria-labelledby=\"accordion-3500659007-label\" >\n\t\t\t\n\n<p>Kurz vor der Landung bremsen wir den Fallschirm ab, damit die Landung sanft verl\u00e4uft.<\/p>\n\n\t\t<\/div>\n\t<\/div>\n\t\n\t<div id=\"accordion-1798183394\" class=\"accordion-item\">\n\t\t<a id=\"accordion-1798183394-label\" class=\"accordion-title plain\" href=\"#accordion-item-welche-erfahrung\/-ausbildung-hat-ein-tandeminstrukteur?\" aria-expanded=\"false\" aria-controls=\"accordion-1798183394-content\" >\n\t\t\t<button class=\"toggle\" aria-label=\"Umschalten\"><i class=\"icon-angle-down\"><\/i><\/button>\n\t\t\t<span>Welche Erfahrung\/ Ausbildung hat ein Tandeminstrukteur?<\/span>\n\t\t<\/a>\n\t\t<div id=\"accordion-1798183394-content\" class=\"accordion-inner\" aria-labelledby=\"accordion-1798183394-label\" >\n\t\t\t\n\n<p>Bevor ein Fallschirmspringer mit Passagieren springen darf, muss er\/ sie mindesten 1.000 Spr\u00fcnge absolviert haben. Das ist eine ganze Mende. Die Ausbildung zum Tandemmaster muss au\u00dferdem erfolgreich abgeschlossen worden sein.<\/p>\n<p>Die Tandemmaster mit denen du bei Skydive Ameland springst haben zwischen 4.000 und 14.000 (!) Spr\u00fcnge schon absolviert.<\/p>\n\n\t\t<\/div>\n\t<\/div>\n\t\n\t<div id=\"accordion-1310724262\" class=\"accordion-item\">\n\t\t<a id=\"accordion-1310724262-label\" class=\"accordion-title plain\" href=\"#accordion-item-welche-schuhe\/-kleidung-sollte-ich-(nicht)-tragen?\" aria-expanded=\"false\" aria-controls=\"accordion-1310724262-content\" >\n\t\t\t<button class=\"toggle\" aria-label=\"Umschalten\"><i class=\"icon-angle-down\"><\/i><\/button>\n\t\t\t<span>Welche Schuhe\/ Kleidung sollte ich (nicht) tragen?<\/span>\n\t\t<\/a>\n\t\t<div id=\"accordion-1310724262-content\" class=\"accordion-inner\" aria-labelledby=\"accordion-1310724262-label\" >\n\t\t\t\n\n<p>Wir raten, Sportschuhe zu tragen, die gut passen und sitzen. In deiner Kleidung solltest du dich frei bewegen k\u00f6nnen, denk an T - Shirt oder Pullover und eine Jeans. \u00dcber deine eigene Kleidung ziehst du sowieso einen Springoverall an, den wir dir zur Verf\u00fcgung stellen.<\/p>\n<p>Hohe Schuhe, Schuhe mit Haken oder \u00d6sen, Kleider oder R\u00f6cke sind nicht praktisch.<\/p>\n\n\t\t<\/div>\n\t<\/div>\n\t\n\t<div id=\"accordion-2991208056\" class=\"accordion-item\">\n\t\t<a id=\"accordion-2991208056-label\" class=\"accordion-title plain\" href=\"#accordion-item-wo-landen-ich-mit-meinem-tandeminstrukteur?\" aria-expanded=\"false\" aria-controls=\"accordion-2991208056-content\" >\n\t\t\t<button class=\"toggle\" aria-label=\"Umschalten\"><i class=\"icon-angle-down\"><\/i><\/button>\n\t\t\t<span>Wo landen ich mit meinem Tandeminstrukteur?<\/span>\n\t\t<\/a>\n\t\t<div id=\"accordion-2991208056-content\" class=\"accordion-inner\" aria-labelledby=\"accordion-2991208056-label\" >\n\t\t\t\n\n<p>Unsere Landezone befindet sich vor dem Hangar. Familie und Freunde k\u00f6nnen hier auf der Terrasse Platz nehmen und deine Landung beobachten.<\/p>\n\n\t\t<\/div>\n\t<\/div>\n\t\n\n<\/div>\n\n\t\t<\/div>\n\t\t\t\t\t<\/div>\n\n\t\n\n<\/div>\n\t\t<\/div>\n\t\t\t\t\t<\/div>\n\n\t\n<\/div>\n\t\t<\/div>\n\t\t\t\t\t<\/div>\n\n\t\n<\/div>\n\t\t<\/div>\n\n\t\t\n<style>\n#section_1370185860 {\n  padding-top: 30px;\n  padding-bottom: 30px;\n}\n<\/style>\n\t<\/section>\n\t\n","protected":false},"excerpt":{"rendered":"","protected":false},"author":1,"featured_media":0,"parent":0,"menu_order":62,"comment_status":"closed","ping_status":"closed","template":"pc-page-transparent-header-light.php","meta":{"footnotes":""},"class_list":["post-7348","page","type-page","status-publish","hentry"],"yoast_head":"<!-- This site is optimized with the Yoast SEO Premium plugin v25.4 (Yoast SEO v25.4) - https:\/\/yoast.com\/wordpress\/plugins\/seo\/ -->\n<title>Kontakt - Tandem parachute springen boven Ameland en waddenzee<\/title>\n<meta name=\"robots\" content=\"index, follow, max-snippet:-1, max-image-preview:large, max-video-preview:-1\" \/>\n<link rel=\"canonical\" href=\"https:\/\/www.skydive-ameland.nl\/de\/kontakt-2\/\" \/>\n<meta property=\"og:locale\" content=\"de_DE\" \/>\n<meta property=\"og:type\" content=\"article\" \/>\n<meta property=\"og:title\" content=\"Kontakt\" \/>\n<meta property=\"og:url\" content=\"https:\/\/www.skydive-ameland.nl\/de\/kontakt-2\/\" \/>\n<meta property=\"og:site_name\" content=\"Tandem parachute springen boven Ameland en waddenzee\" \/>\n<meta property=\"article:modified_time\" content=\"2022-03-24T14:07:55+00:00\" \/>\n<meta name=\"twitter:card\" content=\"summary_large_image\" \/>\n<meta name=\"twitter:label1\" content=\"Gesch\u00e4tzte Lesezeit\" \/>\n\t<meta name=\"twitter:data1\" content=\"6\u00a0Minuten\" \/>\n<script type=\"application\/ld+json\" class=\"yoast-schema-graph\">{\"@context\":\"https:\/\/schema.org\",\"@graph\":[{\"@type\":\"WebPage\",\"@id\":\"https:\/\/www.skydive-ameland.nl\/de\/kontakt-2\/\",\"url\":\"https:\/\/www.skydive-ameland.nl\/de\/kontakt-2\/\",\"name\":\"Kontakt - Tandem parachute springen boven Ameland en waddenzee\",\"isPartOf\":{\"@id\":\"https:\/\/www.skydive-ameland.nl\/#website\"},\"datePublished\":\"2018-01-11T20:05:00+00:00\",\"dateModified\":\"2022-03-24T14:07:55+00:00\",\"breadcrumb\":{\"@id\":\"https:\/\/www.skydive-ameland.nl\/de\/kontakt-2\/#breadcrumb\"},\"inLanguage\":\"de\",\"potentialAction\":[{\"@type\":\"ReadAction\",\"target\":[\"https:\/\/www.skydive-ameland.nl\/de\/kontakt-2\/\"]}]},{\"@type\":\"BreadcrumbList\",\"@id\":\"https:\/\/www.skydive-ameland.nl\/de\/kontakt-2\/#breadcrumb\",\"itemListElement\":[{\"@type\":\"ListItem\",\"position\":1,\"name\":\"Home\",\"item\":\"https:\/\/www.skydive-ameland.nl\/de\/\"},{\"@type\":\"ListItem\",\"position\":2,\"name\":\"Kontakt\"}]},{\"@type\":\"WebSite\",\"@id\":\"https:\/\/www.skydive-ameland.nl\/#website\",\"url\":\"https:\/\/www.skydive-ameland.nl\/\",\"name\":\"Tandem parachute springen boven Ameland en waddenzee\",\"description\":\"Maak bij het paracentrum je eerste parachutesprong door een tandemsprong te maken op Nederlands mooiste locatie. De ervaring van je leven!\",\"potentialAction\":[{\"@type\":\"SearchAction\",\"target\":{\"@type\":\"EntryPoint\",\"urlTemplate\":\"https:\/\/www.skydive-ameland.nl\/?s={search_term_string}\"},\"query-input\":{\"@type\":\"PropertyValueSpecification\",\"valueRequired\":true,\"valueName\":\"search_term_string\"}}],\"inLanguage\":\"de\"}]}<\/script>\n<!-- \/ Yoast SEO Premium plugin. -->","yoast_head_json":{"title":"Kontakt - Tandem parachute springen boven Ameland en waddenzee","robots":{"index":"index","follow":"follow","max-snippet":"max-snippet:-1","max-image-preview":"max-image-preview:large","max-video-preview":"max-video-preview:-1"},"canonical":"https:\/\/www.skydive-ameland.nl\/de\/kontakt-2\/","og_locale":"de_DE","og_type":"article","og_title":"Kontakt","og_url":"https:\/\/www.skydive-ameland.nl\/de\/kontakt-2\/","og_site_name":"Tandem parachute springen boven Ameland en waddenzee","article_modified_time":"2022-03-24T14:07:55+00:00","twitter_card":"summary_large_image","twitter_misc":{"Gesch\u00e4tzte Lesezeit":"6\u00a0Minuten"},"schema":{"@context":"https:\/\/schema.org","@graph":[{"@type":"WebPage","@id":"https:\/\/www.skydive-ameland.nl\/de\/kontakt-2\/","url":"https:\/\/www.skydive-ameland.nl\/de\/kontakt-2\/","name":"Kontakt - Tandem parachute springen boven Ameland en waddenzee","isPartOf":{"@id":"https:\/\/www.skydive-ameland.nl\/#website"},"datePublished":"2018-01-11T20:05:00+00:00","dateModified":"2022-03-24T14:07:55+00:00","breadcrumb":{"@id":"https:\/\/www.skydive-ameland.nl\/de\/kontakt-2\/#breadcrumb"},"inLanguage":"de","potentialAction":[{"@type":"ReadAction","target":["https:\/\/www.skydive-ameland.nl\/de\/kontakt-2\/"]}]},{"@type":"BreadcrumbList","@id":"https:\/\/www.skydive-ameland.nl\/de\/kontakt-2\/#breadcrumb","itemListElement":[{"@type":"ListItem","position":1,"name":"Home","item":"https:\/\/www.skydive-ameland.nl\/de\/"},{"@type":"ListItem","position":2,"name":"Kontakt"}]},{"@type":"WebSite","@id":"https:\/\/www.skydive-ameland.nl\/#website","url":"https:\/\/www.skydive-ameland.nl\/","name":"Tandem parachute springen boven Ameland en waddenzee","description":"Maak bij het paracentrum je eerste parachutesprong door een tandemsprong te maken op Nederlands mooiste locatie. De ervaring van je leven!","potentialAction":[{"@type":"SearchAction","target":{"@type":"EntryPoint","urlTemplate":"https:\/\/www.skydive-ameland.nl\/?s={search_term_string}"},"query-input":{"@type":"PropertyValueSpecification","valueRequired":true,"valueName":"search_term_string"}}],"inLanguage":"de"}]}},"_links":{"self":[{"href":"https:\/\/www.skydive-ameland.nl\/de\/wp-json\/wp\/v2\/pages\/7348","targetHints":{"allow":["GET"]}}],"collection":[{"href":"https:\/\/www.skydive-ameland.nl\/de\/wp-json\/wp\/v2\/pages"}],"about":[{"href":"https:\/\/www.skydive-ameland.nl\/de\/wp-json\/wp\/v2\/types\/page"}],"author":[{"embeddable":true,"href":"https:\/\/www.skydive-ameland.nl\/de\/wp-json\/wp\/v2\/users\/1"}],"replies":[{"embeddable":true,"href":"https:\/\/www.skydive-ameland.nl\/de\/wp-json\/wp\/v2\/comments?post=7348"}],"version-history":[{"count":16,"href":"https:\/\/www.skydive-ameland.nl\/de\/wp-json\/wp\/v2\/pages\/7348\/revisions"}],"predecessor-version":[{"id":9576,"href":"https:\/\/www.skydive-ameland.nl\/de\/wp-json\/wp\/v2\/pages\/7348\/revisions\/9576"}],"wp:attachment":[{"href":"https:\/\/www.skydive-ameland.nl\/de\/wp-json\/wp\/v2\/media?parent=7348"}],"curies":[{"name":"wp","href":"https:\/\/api.w.org\/{rel}","templated":true}]}}